{"id":924,"date":"2026-02-25T08:56:06","date_gmt":"2026-02-25T08:56:06","guid":{"rendered":"https:\/\/agence3bastides.com\/?page_id=924"},"modified":"2026-02-25T09:40:56","modified_gmt":"2026-02-25T09:40:56","slug":"gerer-location-saisonniere-aveyron","status":"publish","type":"page","link":"https:\/\/agence3bastides.com\/en\/gerer-location-saisonniere-aveyron\/","title":{"rendered":"G\u00e9rer location saisonni\u00e8re Aveyron"},"content":{"rendered":"\n<div class=\"wp-block-group alignfull is-style-ext-preset--group--natural-1--section has-background-background-color has-background has-global-padding is-layout-constrained wp-block-group-is-layout-constrained\" style=\"margin-top:0;margin-bottom:0;padding-top:var(--wp--preset--spacing--70);padding-bottom:var(--wp--preset--spacing--70)\">\n<div class=\"wp-block-columns alignwide are-vertically-aligned-center is-layout-flex wp-container-core-columns-is-layout-174606dc wp-block-columns-is-layout-flex\">\n<div class=\"wp-block-column is-vertically-aligned-center is-layout-flow wp-block-column-is-layout-flow\">\n<figure class=\"wp-block-image size-large is-style-ext-preset--image--natural-1--image-1--content-right is-style-ext-preset--image--natural-1--image-1--content-right--2\"><img loading=\"lazy\" decoding=\"async\" width=\"1024\" height=\"683\" src=\"https:\/\/agence3bastides.com\/wp-content\/uploads\/2026\/02\/logo-transparent-1-1024x683.png\" alt=\"\" class=\"wp-image-833\" style=\"aspect-ratio:1;object-fit:cover\" srcset=\"https:\/\/agence3bastides.com\/wp-content\/uploads\/2026\/02\/logo-transparent-1-1024x683.png 1024w, https:\/\/agence3bastides.com\/wp-content\/uploads\/2026\/02\/logo-transparent-1-300x200.png 300w, https:\/\/agence3bastides.com\/wp-content\/uploads\/2026\/02\/logo-transparent-1-768x512.png 768w, https:\/\/agence3bastides.com\/wp-content\/uploads\/2026\/02\/logo-transparent-1-18x12.png 18w, https:\/\/agence3bastides.com\/wp-content\/uploads\/2026\/02\/logo-transparent-1.png 1500w\" sizes=\"auto, (max-width: 1024px) 100vw, 1024px\" \/><\/figure>\n<\/div>\n\n\n\n<div class=\"wp-block-column is-vertically-aligned-center is-layout-flow wp-block-column-is-layout-flow\">\n<div class=\"wp-block-group alignwide is-vertical is-layout-flex wp-container-core-group-is-layout-c35747d5 wp-block-group-is-layout-flex\">\n<div class=\"wp-block-group has-global-padding is-layout-constrained wp-container-core-group-is-layout-dd32767c wp-block-group-is-layout-constrained\">\n<h2 class=\"wp-block-heading\">A la recherche d&rsquo;une personne de confiance pour g\u00e9rer sa location saisonni\u00e8re en Aveyron ?<\/h2>\n\n\n\n<p>A la recherche d&rsquo;une personne de confiance pour g\u00e9rer sa location saisonni\u00e8re en Aveyron ? Notre agence vous accompagne dans la gestion de votre bien locatif de courte dur\u00e9e <strong>dans l<\/strong>&lsquo;<strong>Ouest Aveyron autour de La Fouillade, Najac et Villefranche-de-Rouergue<\/strong>. Nous assurons la <strong>gestion des locations courte dur\u00e9e, l\u2019accueil des voyageurs, la remise des cl\u00e9s, le m\u00e9nage<\/strong> entre chaque s\u00e9jour ainsi que <strong>la surveillance et l\u2019entretien de votre maison secondaire<\/strong>. Que vous poss\u00e9diez un g\u00eete, une r\u00e9sidence secondaire ou un bien en location saisonni\u00e8re, notre <strong>service de conciergerie locale en Aveyron <\/strong>vous permet de louer votre bien en toute s\u00e9r\u00e9nit\u00e9 et de garantir un accueil de qualit\u00e9 \u00e0 vos locataires.<\/p>\n<\/div>\n<\/div>\n<\/div>\n<\/div>\n<\/div>\n\n\n\n<p><\/p>\n\n\n\n<div class=\"wp-block-group alignfull is-style-ext-preset--group--natural-1--section has-tertiary-background-color has-background has-global-padding is-layout-constrained wp-container-core-group-is-layout-e955bbaf wp-block-group-is-layout-constrained\" style=\"margin-top:0;margin-bottom:0;padding-top:var(--wp--preset--spacing--70);padding-bottom:var(--wp--preset--spacing--70)\">\n<div class=\"wp-block-group alignwide is-vertical is-layout-flex wp-container-core-group-is-layout-c35747d5 wp-block-group-is-layout-flex\">\n<div class=\"wp-block-group has-global-padding is-layout-constrained wp-container-core-group-is-layout-5e05634a wp-block-group-is-layout-constrained\">\n<h2 class=\"wp-block-heading\">Pour toutes questions concernant <strong>le service conciergerie <\/strong>:<\/h2>\n\n\n\n<div class=\"wp-block-columns is-layout-flex wp-container-core-columns-is-layout-28f84493 wp-block-columns-is-layout-flex\">\n<div class=\"wp-block-column is-vertically-aligned-center is-layout-flow wp-block-column-is-layout-flow\" style=\"flex-basis:33.33%\">\n<figure class=\"wp-block-image alignright size-large is-resized\"><img loading=\"lazy\" decoding=\"async\" width=\"1024\" height=\"1024\" src=\"https:\/\/agence3bastides.com\/wp-content\/uploads\/2026\/02\/\u2014Pngtree\u2014phone-icon-in-circle-black_5994540-1024x1024.png\" alt=\"\" class=\"wp-image-710\" style=\"width:67px;height:auto\" srcset=\"https:\/\/agence3bastides.com\/wp-content\/uploads\/2026\/02\/\u2014Pngtree\u2014phone-icon-in-circle-black_5994540-1024x1024.png 1024w, https:\/\/agence3bastides.com\/wp-content\/uploads\/2026\/02\/\u2014Pngtree\u2014phone-icon-in-circle-black_5994540-300x300.png 300w, https:\/\/agence3bastides.com\/wp-content\/uploads\/2026\/02\/\u2014Pngtree\u2014phone-icon-in-circle-black_5994540-150x150.png 150w, https:\/\/agence3bastides.com\/wp-content\/uploads\/2026\/02\/\u2014Pngtree\u2014phone-icon-in-circle-black_5994540-768x768.png 768w, https:\/\/agence3bastides.com\/wp-content\/uploads\/2026\/02\/\u2014Pngtree\u2014phone-icon-in-circle-black_5994540-12x12.png 12w, https:\/\/agence3bastides.com\/wp-content\/uploads\/2026\/02\/\u2014Pngtree\u2014phone-icon-in-circle-black_5994540.png 1200w\" sizes=\"auto, (max-width: 1024px) 100vw, 1024px\" \/><\/figure>\n<\/div>\n\n\n\n<div class=\"wp-block-column is-layout-flow wp-block-column-is-layout-flow\" style=\"flex-basis:66.66%\">\n<p class=\"has-text-align-left\" style=\"padding-top:12px;font-size:clamp(0.984rem, 0.984rem + ((1vw - 0.2rem) * 0.86), 1.5rem);\">07.44.42.18.93<\/p>\n<\/div>\n<\/div>\n\n\n\n<div class=\"wp-block-columns is-layout-flex wp-container-core-columns-is-layout-28f84493 wp-block-columns-is-layout-flex\">\n<div class=\"wp-block-column is-vertically-aligned-center is-layout-flow wp-block-column-is-layout-flow\" style=\"flex-basis:33.33%\">\n<figure class=\"wp-block-image alignright size-large is-resized\"><img loading=\"lazy\" decoding=\"async\" width=\"1024\" height=\"1024\" src=\"https:\/\/agence3bastides.com\/wp-content\/uploads\/2026\/02\/\u2014Pngtree\u2014email-symbol-icon_3569789-1024x1024.png\" alt=\"\" class=\"wp-image-715\" style=\"width:67px;height:auto\" srcset=\"https:\/\/agence3bastides.com\/wp-content\/uploads\/2026\/02\/\u2014Pngtree\u2014email-symbol-icon_3569789-1024x1024.png 1024w, https:\/\/agence3bastides.com\/wp-content\/uploads\/2026\/02\/\u2014Pngtree\u2014email-symbol-icon_3569789-300x300.png 300w, https:\/\/agence3bastides.com\/wp-content\/uploads\/2026\/02\/\u2014Pngtree\u2014email-symbol-icon_3569789-150x150.png 150w, https:\/\/agence3bastides.com\/wp-content\/uploads\/2026\/02\/\u2014Pngtree\u2014email-symbol-icon_3569789-768x768.png 768w, https:\/\/agence3bastides.com\/wp-content\/uploads\/2026\/02\/\u2014Pngtree\u2014email-symbol-icon_3569789-12x12.png 12w, https:\/\/agence3bastides.com\/wp-content\/uploads\/2026\/02\/\u2014Pngtree\u2014email-symbol-icon_3569789.png 1200w\" sizes=\"auto, (max-width: 1024px) 100vw, 1024px\" \/><\/figure>\n<\/div>\n\n\n\n<div class=\"wp-block-column is-layout-flow wp-block-column-is-layout-flow\" style=\"flex-basis:66.66%\">\n<p class=\"has-text-align-left\" style=\"padding-top:12px;font-size:clamp(0.984rem, 0.984rem + ((1vw - 0.2rem) * 0.86), 1.5rem);\">contact@immodesbastides.com<\/p>\n<\/div>\n<\/div>\n\n\n\n<div class=\"wp-block-columns is-layout-flex wp-container-core-columns-is-layout-28f84493 wp-block-columns-is-layout-flex\">\n<div class=\"wp-block-column is-vertically-aligned-center is-layout-flow wp-block-column-is-layout-flow\" style=\"flex-basis:33.33%\">\n<figure class=\"wp-block-image alignright size-large is-resized\"><img loading=\"lazy\" decoding=\"async\" width=\"1000\" height=\"1000\" src=\"https:\/\/agence3bastides.com\/wp-content\/uploads\/2026\/02\/Design-sans-titre-14-edited.png\" alt=\"\" class=\"wp-image-726\" style=\"aspect-ratio:1;object-fit:contain;width:67px\" srcset=\"https:\/\/agence3bastides.com\/wp-content\/uploads\/2026\/02\/Design-sans-titre-14-edited.png 1000w, https:\/\/agence3bastides.com\/wp-content\/uploads\/2026\/02\/Design-sans-titre-14-edited-300x300.png 300w, https:\/\/agence3bastides.com\/wp-content\/uploads\/2026\/02\/Design-sans-titre-14-edited-150x150.png 150w, https:\/\/agence3bastides.com\/wp-content\/uploads\/2026\/02\/Design-sans-titre-14-edited-768x768.png 768w, https:\/\/agence3bastides.com\/wp-content\/uploads\/2026\/02\/Design-sans-titre-14-edited-12x12.png 12w\" sizes=\"auto, (max-width: 1000px) 100vw, 1000px\" \/><\/figure>\n<\/div>\n\n\n\n<div class=\"wp-block-column is-layout-flow wp-block-column-is-layout-flow\" style=\"flex-basis:66.66%\">\n<p class=\"has-text-align-left\" style=\"padding-top:12px;font-size:clamp(1.092rem, 1.092rem + ((1vw - 0.2rem) * 1.013), 1.7rem);\"><a href=\"https:\/\/agence3bastides.com\/conciergerieproprietaire\/#contact\" type=\"page\" id=\"120\">Prenez un rendez-vous t\u00e9l\u00e9phonique <\/a><\/p>\n<\/div>\n<\/div>\n\n\n\n<div style=\"height:29px\" aria-hidden=\"true\" class=\"wp-block-spacer\"><\/div>\n\n\n\n<div class=\"wp-block-media-text is-stacked-on-mobile is-vertically-aligned-center is-image-fill-element is-style-ext-preset--media-text--natural-1--card-1 has-tertiary-background-color has-background is-style-ext-preset--media-text--natural-1--card-1--4\" style=\"padding-right:0;padding-left:0;grid-template-columns:48% auto\" id=\"poprio\"><figure class=\"wp-block-media-text__media\"><img loading=\"lazy\" decoding=\"async\" width=\"1240\" height=\"1748\" src=\"https:\/\/agence3bastides.com\/wp-content\/uploads\/2025\/03\/Design-sans-titre-5.png\" alt=\"\" class=\"wp-image-89 size-full\" style=\"object-position:50% 50%\" srcset=\"https:\/\/agence3bastides.com\/wp-content\/uploads\/2025\/03\/Design-sans-titre-5.png 1240w, https:\/\/agence3bastides.com\/wp-content\/uploads\/2025\/03\/Design-sans-titre-5-213x300.png 213w, https:\/\/agence3bastides.com\/wp-content\/uploads\/2025\/03\/Design-sans-titre-5-726x1024.png 726w, https:\/\/agence3bastides.com\/wp-content\/uploads\/2025\/03\/Design-sans-titre-5-768x1083.png 768w, https:\/\/agence3bastides.com\/wp-content\/uploads\/2025\/03\/Design-sans-titre-5-1090x1536.png 1090w\" sizes=\"auto, (max-width: 1240px) 100vw, 1240px\" \/><\/figure><div class=\"wp-block-media-text__content\">\n<div class=\"wp-block-group alignwide has-global-padding is-layout-constrained wp-container-core-group-is-layout-82cf132a wp-block-group-is-layout-constrained\" style=\"padding-top:var(--wp--preset--spacing--55);padding-right:var(--wp--preset--spacing--55);padding-bottom:var(--wp--preset--spacing--55);padding-left:var(--wp--preset--spacing--55)\">\n<style id=\"wpforms-css-vars-579\">\n\t\t\t\t#wpforms-579 {\n\t\t\t\t--wpforms-field-border-color: rgba(0, 0, 0, 0.25);\n--wpforms-field-border-color-spare: rgba(0, 0, 0, 0.25);\n--wpforms-field-text-color: rgba(0, 0, 0, 0.7);\n--wpforms-label-color: rgba(0, 0, 0, 0.85);\n--wpforms-label-sublabel-color: rgba(0, 0, 0, 0.55);\n--wpforms-button-background-color: #041561ad;\n--wpforms-container-padding: 0px;\n--wpforms-container-border-width: 1px;\n--wpforms-container-border-radius: 3px;\n--wpforms-background-color: rgba(0, 0, 0, 0);\n--wpforms-field-size-input-height: 31px;\n--wpforms-field-size-input-spacing: 10px;\n--wpforms-field-size-font-size: 14px;\n--wpforms-field-size-line-height: 17px;\n--wpforms-field-size-padding-h: 9px;\n--wpforms-field-size-checkbox-size: 14px;\n--wpforms-field-size-sublabel-spacing: 5px;\n--wpforms-field-size-icon-size: 0.75;\n--wpforms-label-size-font-size: 16px;\n--wpforms-label-size-line-height: 19px;\n--wpforms-label-size-sublabel-font-size: 14px;\n--wpforms-label-size-sublabel-line-height: 17px;\n--wpforms-button-size-font-size: 17px;\n--wpforms-button-size-height: 41px;\n--wpforms-button-size-padding-h: 15px;\n--wpforms-button-size-margin-top: 10px;\n--wpforms-container-shadow-size-box-shadow: none;\n\t\t\t}\n\t\t\t<\/style><div class=\"wpforms-container wpforms-container-full wpforms-render-modern\" id=\"wpforms-579\"><form id=\"wpforms-form-579\" class=\"wpforms-validate wpforms-form wpforms-ajax-form\" data-formid=\"579\" method=\"post\" enctype=\"multipart\/form-data\" action=\"\/en\/wp-json\/wp\/v2\/pages\/924\" data-token=\"b0f089743489c02e1551a58e02a019ba\" data-token-time=\"1777304321\"><noscript class=\"wpforms-error-noscript\">Please enable JavaScript in your browser to complete this form.<\/noscript><div id=\"wpforms-error-noscript\" style=\"display: none;\">Please enable JavaScript in your browser to complete this form.<\/div><div class=\"wpforms-field-container\"><div id=\"wpforms-579-field_1-container\" class=\"wpforms-field wpforms-field-name\" data-field-id=\"1\"><label class=\"wpforms-field-label\" for=\"wpforms-579-field_1\">Nom pr\u00e9nom <span class=\"wpforms-required-label\" aria-hidden=\"true\">*<\/span><\/label><input type=\"text\" id=\"wpforms-579-field_1\" class=\"wpforms-field-large wpforms-field-required\" name=\"wpforms[fields][1]\" aria-errormessage=\"wpforms-579-field_1-error\" required><\/div><div id=\"wpforms-579-field_6-container\" class=\"wpforms-field wpforms-field-text\" data-field-id=\"6\"><label class=\"wpforms-field-label\" for=\"wpforms-579-field_6\">T\u00e9l\u00e9phone <span class=\"wpforms-required-label\" aria-hidden=\"true\">*<\/span><\/label><input type=\"text\" id=\"wpforms-579-field_6\" class=\"wpforms-field-large wpforms-field-required\" name=\"wpforms[fields][6]\" aria-errormessage=\"wpforms-579-field_6-error\" required><\/div><div id=\"wpforms-579-field_3-container\" class=\"wpforms-field wpforms-field-email\" data-field-id=\"3\"><label class=\"wpforms-field-label\" for=\"wpforms-579-field_3\">Mail <span class=\"wpforms-required-label\" aria-hidden=\"true\">*<\/span><\/label><input type=\"email\" id=\"wpforms-579-field_3\" class=\"wpforms-field-large wpforms-field-required\" name=\"wpforms[fields][3]\" spellcheck=\"false\" aria-errormessage=\"wpforms-579-field_3-error\" required><\/div>\t\t<div id=\"wpforms-579-field_7-container\"\n\t\t\tclass=\"wpforms-field wpforms-field-text\"\n\t\t\tdata-field-type=\"text\"\n\t\t\tdata-field-id=\"7\"\n\t\t\t>\n\t\t\t<label class=\"wpforms-field-label\" for=\"wpforms-579-field_7\" >Choisissez la Mail<\/label>\n\t\t\t<input type=\"text\" id=\"wpforms-579-field_7\" class=\"wpforms-field-medium\" name=\"wpforms[fields][7]\" >\n\t\t<\/div>\n\t\t<div id=\"wpforms-579-field_4-container\" class=\"wpforms-field wpforms-field-select wpforms-field-select-style-classic\" data-field-id=\"4\"><label class=\"wpforms-field-label\" for=\"wpforms-579-field_4\">Choisissez la situation qui vous correspond la mieux <span class=\"wpforms-required-label\" aria-hidden=\"true\">*<\/span><\/label><select id=\"wpforms-579-field_4\" class=\"wpforms-field-large wpforms-field-required\" name=\"wpforms[fields][4]\" required=\"required\"><option value=\"\" class=\"placeholder\" disabled  selected='selected'>--- S\u00e9lectionner un choix ---<\/option><option value=\"Je souhaite mettre en location mon bien\"  class=\"choice-1 depth-1\"  >Je souhaite mettre en location mon bien<\/option><option value=\"Je souhaite vendre mon bien\"  class=\"choice-2 depth-1\"  >Je souhaite vendre mon bien<\/option><option value=\"Je suis vacancier\"  class=\"choice-3 depth-1\"  >Je suis vacancier<\/option><option value=\"J&#039;ai une autre question\"  class=\"choice-4 depth-1\"  >J'ai une autre question<\/option><\/select><\/div><div id=\"wpforms-579-field_5-container\" class=\"wpforms-field wpforms-field-textarea\" data-field-id=\"5\"><label class=\"wpforms-field-label\" for=\"wpforms-579-field_5\">Votre message <span class=\"wpforms-required-label\" aria-hidden=\"true\">*<\/span><\/label><textarea id=\"wpforms-579-field_5\" class=\"wpforms-field-large wpforms-field-required\" name=\"wpforms[fields][5]\" aria-errormessage=\"wpforms-579-field_5-error\" required><\/textarea><\/div><script>\n\t\t\t\t( function() {\n\t\t\t\t\tconst style = document.createElement( 'style' );\n\t\t\t\t\tstyle.appendChild( document.createTextNode( '#wpforms-579-field_7-container { position: absolute !important; overflow: hidden !important; display: inline !important; height: 1px !important; width: 1px !important; z-index: -1000 !important; padding: 0 !important; } #wpforms-579-field_7-container input { visibility: hidden; } #wpforms-conversational-form-page #wpforms-579-field_7-container label { counter-increment: none; }' ) );\n\t\t\t\t\tdocument.head.appendChild( style );\n\t\t\t\t\tdocument.currentScript?.remove();\n\t\t\t\t} )();\n\t\t\t<\/script><\/div><!-- .wpforms-field-container --><div class=\"wpforms-submit-container\" ><input type=\"hidden\" name=\"wpforms[id]\" value=\"579\"><input type=\"hidden\" name=\"page_title\" value=\"\"><input type=\"hidden\" name=\"page_url\" value=\"https:\/\/agence3bastides.com\/en\/wp-json\/wp\/v2\/pages\/924\"><input type=\"hidden\" name=\"url_referer\" value=\"\"><button type=\"submit\" name=\"wpforms[submit]\" id=\"wpforms-submit-579\" class=\"wpforms-submit\" data-alt-text=\"Envoi...\" data-submit-text=\"Envoyer\" aria-live=\"assertive\" value=\"wpforms-submit\">Envoyer<\/button><img loading=\"lazy\" decoding=\"async\" src=\"https:\/\/agence3bastides.com\/wp-content\/plugins\/wpforms-lite\/assets\/images\/submit-spin.svg\" class=\"wpforms-submit-spinner\" style=\"display: none;\" width=\"26\" height=\"26\" alt=\"Loading\"><\/div><\/form><\/div>  <!-- .wpforms-container -->\n<\/div>\n<\/div><\/div>\n<\/div>\n<\/div>\n<\/div>\n","protected":false},"excerpt":{"rendered":"<p>A la recherche d&rsquo;une personne de confiance pour g\u00e9rer sa location saisonni\u00e8re en Aveyron ? A la recherche d&rsquo;une personne de confiance pour g\u00e9rer sa location saisonni\u00e8re en Aveyron ? Notre agence vous accompagne dans la gestion de votre bien locatif de courte dur\u00e9e dans l&lsquo;Ouest Aveyron autour de La Fouillade, Najac et Villefranche-de-Rouergue. Nous [&hellip;]<\/p>\n","protected":false},"author":1,"featured_media":0,"parent":0,"menu_order":0,"comment_status":"closed","ping_status":"closed","template":"page-with-title","meta":{"footnotes":""},"class_list":["post-924","page","type-page","status-publish","hentry"],"yoast_head":"<!-- This site is optimized with the Yoast SEO plugin v27.4 - https:\/\/yoast.com\/product\/yoast-seo-wordpress\/ -->\n<title>G\u00e9rer location saisonni\u00e8re Aveyron - Agence des 3 Bastides location saisonni\u00e8re Aveyron<\/title>\n<meta name=\"description\" content=\"A la recherche d&#039;une personne de confiance pour g\u00e9rer sa location saisonni\u00e8re en Aveyron ? Notre agence vous accompagne dans la gestion de votre bien locatif de courte dur\u00e9e\" \/>\n<meta name=\"robots\" content=\"index, follow, max-snippet:-1, max-image-preview:large, max-video-preview:-1\" \/>\n<link rel=\"canonical\" href=\"https:\/\/agence3bastides.com\/en\/gerer-location-saisonniere-aveyron\/\" \/>\n<meta property=\"og:locale\" content=\"en_GB\" \/>\n<meta property=\"og:type\" content=\"article\" \/>\n<meta property=\"og:title\" content=\"G\u00e9rer location saisonni\u00e8re Aveyron - Agence des 3 Bastides location saisonni\u00e8re Aveyron\" \/>\n<meta property=\"og:description\" content=\"A la recherche d&#039;une personne de confiance pour g\u00e9rer sa location saisonni\u00e8re en Aveyron ? Notre agence vous accompagne dans la gestion de votre bien locatif de courte dur\u00e9e\" \/>\n<meta property=\"og:url\" content=\"https:\/\/agence3bastides.com\/en\/gerer-location-saisonniere-aveyron\/\" \/>\n<meta property=\"og:site_name\" content=\"Agence des 3 Bastides\" \/>\n<meta property=\"article:modified_time\" content=\"2026-02-25T09:40:56+00:00\" \/>\n<meta property=\"og:image\" content=\"https:\/\/agence3bastides.com\/wp-content\/uploads\/2026\/02\/logo-transparent-1.png\" \/>\n\t<meta property=\"og:image:width\" content=\"1500\" \/>\n\t<meta property=\"og:image:height\" content=\"1000\" \/>\n\t<meta property=\"og:image:type\" content=\"image\/png\" \/>\n<meta name=\"twitter:card\" content=\"summary_large_image\" \/>\n<meta name=\"twitter:label1\" content=\"Estimated reading time\" \/>\n\t<meta name=\"twitter:data1\" content=\"2 minutes\" \/>\n<script type=\"application\/ld+json\" class=\"yoast-schema-graph\">{\"@context\":\"https:\\\/\\\/schema.org\",\"@graph\":[{\"@type\":\"WebPage\",\"@id\":\"https:\\\/\\\/agence3bastides.com\\\/gerer-location-saisonniere-aveyron\\\/\",\"url\":\"https:\\\/\\\/agence3bastides.com\\\/gerer-location-saisonniere-aveyron\\\/\",\"name\":\"G\u00e9rer location saisonni\u00e8re Aveyron - Agence des 3 Bastides location saisonni\u00e8re Aveyron\",\"isPartOf\":{\"@id\":\"https:\\\/\\\/agence3bastides.com\\\/#website\"},\"primaryImageOfPage\":{\"@id\":\"https:\\\/\\\/agence3bastides.com\\\/gerer-location-saisonniere-aveyron\\\/#primaryimage\"},\"image\":{\"@id\":\"https:\\\/\\\/agence3bastides.com\\\/gerer-location-saisonniere-aveyron\\\/#primaryimage\"},\"thumbnailUrl\":\"https:\\\/\\\/agence3bastides.com\\\/wp-content\\\/uploads\\\/2026\\\/02\\\/logo-transparent-1-1024x683.png\",\"datePublished\":\"2026-02-25T08:56:06+00:00\",\"dateModified\":\"2026-02-25T09:40:56+00:00\",\"description\":\"A la recherche d'une personne de confiance pour g\u00e9rer sa location saisonni\u00e8re en Aveyron ? Notre agence vous accompagne dans la gestion de votre bien locatif de courte dur\u00e9e\",\"breadcrumb\":{\"@id\":\"https:\\\/\\\/agence3bastides.com\\\/gerer-location-saisonniere-aveyron\\\/#breadcrumb\"},\"inLanguage\":\"en-GB\",\"potentialAction\":[{\"@type\":\"ReadAction\",\"target\":[\"https:\\\/\\\/agence3bastides.com\\\/gerer-location-saisonniere-aveyron\\\/\"]}]},{\"@type\":\"ImageObject\",\"inLanguage\":\"en-GB\",\"@id\":\"https:\\\/\\\/agence3bastides.com\\\/gerer-location-saisonniere-aveyron\\\/#primaryimage\",\"url\":\"https:\\\/\\\/agence3bastides.com\\\/wp-content\\\/uploads\\\/2026\\\/02\\\/logo-transparent-1-1024x683.png\",\"contentUrl\":\"https:\\\/\\\/agence3bastides.com\\\/wp-content\\\/uploads\\\/2026\\\/02\\\/logo-transparent-1-1024x683.png\"},{\"@type\":\"BreadcrumbList\",\"@id\":\"https:\\\/\\\/agence3bastides.com\\\/gerer-location-saisonniere-aveyron\\\/#breadcrumb\",\"itemListElement\":[{\"@type\":\"ListItem\",\"position\":1,\"name\":\"Accueil\",\"item\":\"https:\\\/\\\/agence3bastides.com\\\/\"},{\"@type\":\"ListItem\",\"position\":2,\"name\":\"G\u00e9rer location saisonni\u00e8re Aveyron\"}]},{\"@type\":\"WebSite\",\"@id\":\"https:\\\/\\\/agence3bastides.com\\\/#website\",\"url\":\"https:\\\/\\\/agence3bastides.com\\\/\",\"name\":\"Agence des 3 Bastides\",\"description\":\"Agence des 3 Badtides\",\"publisher\":{\"@id\":\"https:\\\/\\\/agence3bastides.com\\\/#organization\"},\"potentialAction\":[{\"@type\":\"SearchAction\",\"target\":{\"@type\":\"EntryPoint\",\"urlTemplate\":\"https:\\\/\\\/agence3bastides.com\\\/?s={search_term_string}\"},\"query-input\":{\"@type\":\"PropertyValueSpecification\",\"valueRequired\":true,\"valueName\":\"search_term_string\"}}],\"inLanguage\":\"en-GB\"},{\"@type\":\"Organization\",\"@id\":\"https:\\\/\\\/agence3bastides.com\\\/#organization\",\"name\":\"Agence des 3 Bastides\",\"url\":\"https:\\\/\\\/agence3bastides.com\\\/\",\"logo\":{\"@type\":\"ImageObject\",\"inLanguage\":\"en-GB\",\"@id\":\"https:\\\/\\\/agence3bastides.com\\\/#\\\/schema\\\/logo\\\/image\\\/\",\"url\":\"https:\\\/\\\/agence3bastides.com\\\/wp-content\\\/uploads\\\/2026\\\/02\\\/logo-transparent.png\",\"contentUrl\":\"https:\\\/\\\/agence3bastides.com\\\/wp-content\\\/uploads\\\/2026\\\/02\\\/logo-transparent.png\",\"width\":1500,\"height\":1000,\"caption\":\"Agence des 3 Bastides\"},\"image\":{\"@id\":\"https:\\\/\\\/agence3bastides.com\\\/#\\\/schema\\\/logo\\\/image\\\/\"}}]}<\/script>\n<!-- \/ Yoast SEO plugin. -->","yoast_head_json":{"title":"G\u00e9rer location saisonni\u00e8re Aveyron - Agence des 3 Bastides location saisonni\u00e8re Aveyron","description":"A la recherche d'une personne de confiance pour g\u00e9rer sa location saisonni\u00e8re en Aveyron ? Notre agence vous accompagne dans la gestion de votre bien locatif de courte dur\u00e9e","robots":{"index":"index","follow":"follow","max-snippet":"max-snippet:-1","max-image-preview":"max-image-preview:large","max-video-preview":"max-video-preview:-1"},"canonical":"https:\/\/agence3bastides.com\/en\/gerer-location-saisonniere-aveyron\/","og_locale":"en_GB","og_type":"article","og_title":"G\u00e9rer location saisonni\u00e8re Aveyron - Agence des 3 Bastides location saisonni\u00e8re Aveyron","og_description":"A la recherche d'une personne de confiance pour g\u00e9rer sa location saisonni\u00e8re en Aveyron ? Notre agence vous accompagne dans la gestion de votre bien locatif de courte dur\u00e9e","og_url":"https:\/\/agence3bastides.com\/en\/gerer-location-saisonniere-aveyron\/","og_site_name":"Agence des 3 Bastides","article_modified_time":"2026-02-25T09:40:56+00:00","og_image":[{"width":1500,"height":1000,"url":"https:\/\/agence3bastides.com\/wp-content\/uploads\/2026\/02\/logo-transparent-1.png","type":"image\/png"}],"twitter_card":"summary_large_image","twitter_misc":{"Estimated reading time":"2 minutes"},"schema":{"@context":"https:\/\/schema.org","@graph":[{"@type":"WebPage","@id":"https:\/\/agence3bastides.com\/gerer-location-saisonniere-aveyron\/","url":"https:\/\/agence3bastides.com\/gerer-location-saisonniere-aveyron\/","name":"G\u00e9rer location saisonni\u00e8re Aveyron - Agence des 3 Bastides location saisonni\u00e8re Aveyron","isPartOf":{"@id":"https:\/\/agence3bastides.com\/#website"},"primaryImageOfPage":{"@id":"https:\/\/agence3bastides.com\/gerer-location-saisonniere-aveyron\/#primaryimage"},"image":{"@id":"https:\/\/agence3bastides.com\/gerer-location-saisonniere-aveyron\/#primaryimage"},"thumbnailUrl":"https:\/\/agence3bastides.com\/wp-content\/uploads\/2026\/02\/logo-transparent-1-1024x683.png","datePublished":"2026-02-25T08:56:06+00:00","dateModified":"2026-02-25T09:40:56+00:00","description":"A la recherche d'une personne de confiance pour g\u00e9rer sa location saisonni\u00e8re en Aveyron ? Notre agence vous accompagne dans la gestion de votre bien locatif de courte dur\u00e9e","breadcrumb":{"@id":"https:\/\/agence3bastides.com\/gerer-location-saisonniere-aveyron\/#breadcrumb"},"inLanguage":"en-GB","potentialAction":[{"@type":"ReadAction","target":["https:\/\/agence3bastides.com\/gerer-location-saisonniere-aveyron\/"]}]},{"@type":"ImageObject","inLanguage":"en-GB","@id":"https:\/\/agence3bastides.com\/gerer-location-saisonniere-aveyron\/#primaryimage","url":"https:\/\/agence3bastides.com\/wp-content\/uploads\/2026\/02\/logo-transparent-1-1024x683.png","contentUrl":"https:\/\/agence3bastides.com\/wp-content\/uploads\/2026\/02\/logo-transparent-1-1024x683.png"},{"@type":"BreadcrumbList","@id":"https:\/\/agence3bastides.com\/gerer-location-saisonniere-aveyron\/#breadcrumb","itemListElement":[{"@type":"ListItem","position":1,"name":"Accueil","item":"https:\/\/agence3bastides.com\/"},{"@type":"ListItem","position":2,"name":"G\u00e9rer location saisonni\u00e8re Aveyron"}]},{"@type":"WebSite","@id":"https:\/\/agence3bastides.com\/#website","url":"https:\/\/agence3bastides.com\/","name":"Agence des 3 Bastides","description":"Agence des 3 Badtides","publisher":{"@id":"https:\/\/agence3bastides.com\/#organization"},"potentialAction":[{"@type":"SearchAction","target":{"@type":"EntryPoint","urlTemplate":"https:\/\/agence3bastides.com\/?s={search_term_string}"},"query-input":{"@type":"PropertyValueSpecification","valueRequired":true,"valueName":"search_term_string"}}],"inLanguage":"en-GB"},{"@type":"Organization","@id":"https:\/\/agence3bastides.com\/#organization","name":"Agence des 3 Bastides","url":"https:\/\/agence3bastides.com\/","logo":{"@type":"ImageObject","inLanguage":"en-GB","@id":"https:\/\/agence3bastides.com\/#\/schema\/logo\/image\/","url":"https:\/\/agence3bastides.com\/wp-content\/uploads\/2026\/02\/logo-transparent.png","contentUrl":"https:\/\/agence3bastides.com\/wp-content\/uploads\/2026\/02\/logo-transparent.png","width":1500,"height":1000,"caption":"Agence des 3 Bastides"},"image":{"@id":"https:\/\/agence3bastides.com\/#\/schema\/logo\/image\/"}}]}},"jetpack_sharing_enabled":true,"_links":{"self":[{"href":"https:\/\/agence3bastides.com\/en\/wp-json\/wp\/v2\/pages\/924","targetHints":{"allow":["GET"]}}],"collection":[{"href":"https:\/\/agence3bastides.com\/en\/wp-json\/wp\/v2\/pages"}],"about":[{"href":"https:\/\/agence3bastides.com\/en\/wp-json\/wp\/v2\/types\/page"}],"author":[{"embeddable":true,"href":"https:\/\/agence3bastides.com\/en\/wp-json\/wp\/v2\/users\/1"}],"replies":[{"embeddable":true,"href":"https:\/\/agence3bastides.com\/en\/wp-json\/wp\/v2\/comments?post=924"}],"version-history":[{"count":2,"href":"https:\/\/agence3bastides.com\/en\/wp-json\/wp\/v2\/pages\/924\/revisions"}],"predecessor-version":[{"id":965,"href":"https:\/\/agence3bastides.com\/en\/wp-json\/wp\/v2\/pages\/924\/revisions\/965"}],"wp:attachment":[{"href":"https:\/\/agence3bastides.com\/en\/wp-json\/wp\/v2\/media?parent=924"}],"curies":[{"name":"wp","href":"https:\/\/api.w.org\/{rel}","templated":true}]}}