{"id":140,"date":"2026-02-02T11:55:29","date_gmt":"2026-02-02T11:55:29","guid":{"rendered":"https:\/\/agence3bastides.com\/mentions-legales-2\/"},"modified":"2026-04-14T07:57:58","modified_gmt":"2026-04-14T07:57:58","slug":"mentions-legales-2","status":"publish","type":"page","link":"https:\/\/agence3bastides.com\/en\/mentions-legales-2\/","title":{"rendered":"Legal information"},"content":{"rendered":"\n<div class=\"wp-block-group alignfull is-style-ext-preset--group--natural-1--section has-background-background-color has-background has-global-padding is-layout-constrained wp-container-core-group-is-layout-6150fac0 wp-block-group-is-layout-constrained\" style=\"margin-top:0;margin-bottom:0;padding-top:var(--wp--preset--spacing--70);padding-bottom:var(--wp--preset--spacing--70)\">\n<h2 class=\"wp-block-heading ext-animate--on\"><strong>Mentions l\u00e9gales<\/strong><\/h2>\n\n\n\n<h4 class=\"wp-block-heading ext-animate--on\"><strong>1. \u00c9diteur du site<\/strong><\/h4>\n\n\n\n<p class=\"ext-animate--on\">Le pr\u00e9sent site est \u00e9dit\u00e9 par : VB Developpement<\/p>\n\n\n\n<p class=\"ext-animate--on\">Nom commercial : Agence des 3 Bastides<br>Forme juridique : SAS<br>Capital social : 1000\u20ac<br>Si\u00e8ge social : Lieu-dit Ligal 12270 NAJAC<br>T\u00e9l\u00e9phone : 07.44.42.18.93<br>Email : contact@agence3bastides.com<\/p>\n\n\n\n<p class=\"ext-animate--on\">Immatricul\u00e9e au Registre du Commerce et des Soci\u00e9t\u00e9s de Rodez sous le num\u00e9ro : 102.322.849<br>TVA non applicable<br><\/p>\n\n\n\n<p class=\"ext-animate--on\">Carte professionnelle :<br>Transaction sur immeubles et fonds de commerce n\u00b0 [en cours], d\u00e9livr\u00e9e par la CCI de Rodez<\/p>\n\n\n\n<hr class=\"wp-block-separator has-alpha-channel-opacity ext-animate--on\"\/>\n\n\n\n<h3 class=\"wp-block-heading ext-animate--on\"><strong>2. Directeur de la publication<\/strong><\/h3>\n\n\n\n<p class=\"ext-animate--on\">Le directeur de la publication est :<br><strong>VLUG Marissa<\/strong>, en qualit\u00e9 de pr\u00e9sident<\/p>\n\n\n\n<hr class=\"wp-block-separator has-alpha-channel-opacity ext-animate--on\"\/>\n\n\n\n<h3 class=\"wp-block-heading ext-animate--on\"><strong>3. H\u00e9bergement du site<\/strong><\/h3>\n\n\n\n<p class=\"ext-animate--on\">Le site est h\u00e9berg\u00e9 par :<br><strong>IONOS<\/strong> SE<br>Adresse : Elgendorfer Str. 57, 56410 Montabaur, Allemagne<br>T\u00e9l\u00e9phone : +33 9 70 80 89 11<br>Site web : <a href=\"https:\/\/www.ionos.fr\/\">https:\/\/www.ionos.fr\/<\/a><\/p>\n\n\n\n<hr class=\"wp-block-separator has-alpha-channel-opacity ext-animate--on\"\/>\n\n\n\n<h3 class=\"wp-block-heading ext-animate--on\"><strong>4. Activit\u00e9<\/strong><\/h3>\n\n\n\n<p class=\"ext-animate--on\">L\u2019agence exerce une activit\u00e9 de :<\/p>\n\n\n\n<ul class=\"wp-block-list ext-animate--on\">\n<li class=\"ext-animate--on\">Transaction immobili\u00e8re<\/li>\n\n\n\n<li class=\"ext-animate--on\">Gestion locative immobili\u00e8re de courte dur\u00e9e<\/li>\n\n\n\n<li class=\"ext-animate--on\">Conciergerie pour propri\u00e9taires<\/li>\n\n\n\n<li class=\"ext-animate--on\">Mise en relation entre prestataires de services et voyageurs<\/li>\n<\/ul>\n\n\n\n<hr class=\"wp-block-separator has-alpha-channel-opacity ext-animate--on\"\/>\n\n\n\n<h3 class=\"wp-block-heading ext-animate--on\"><strong>5. Assurance responsabilit\u00e9 civile professionnelle<\/strong><\/h3>\n\n\n\n<p class=\"ext-animate--on\">L\u2019agence est assur\u00e9e pour sa responsabilit\u00e9 civile professionnelle aupr\u00e8s de :<br><strong>AXA FRANCE<\/strong><br>Adresse : 3 AV RAYMOND SAINT GILLES<br>12200 VILLEFRANCHE DE ROUERGUE<br>Num\u00e9ro de police : 0000022629161804<\/p>\n\n\n\n<hr class=\"wp-block-separator has-alpha-channel-opacity ext-animate--on\"\/>\n\n\n\n<h3 class=\"wp-block-heading ext-animate--on\"><strong>6. Garantie financi\u00e8re<\/strong><\/h3>\n\n\n\n<p class=\"ext-animate--on\">Absence de garantie financi\u00e8re. Non d\u00e9tentions de fonds.<\/p>\n\n\n\n<hr class=\"wp-block-separator has-alpha-channel-opacity ext-animate--on\"\/>\n\n\n\n<h3 class=\"wp-block-heading ext-animate--on\"><strong>7. Propri\u00e9t\u00e9 intellectuelle<\/strong><\/h3>\n\n\n\n<p class=\"ext-animate--on\">L\u2019ensemble du contenu du site (textes, images, logos, etc.) est la propri\u00e9t\u00e9 exclusive de SAS VB Developpement, sauf mentions contraires.<br>Toute reproduction, distribution ou utilisation sans autorisation pr\u00e9alable est interdite.<\/p>\n\n\n\n<p class=\"ext-animate--on\">Photos: Marissa VLUG, Arnaud BECHET, Les choses de l&rsquo;air<\/p>\n\n\n\n<hr class=\"wp-block-separator has-alpha-channel-opacity ext-animate--on\"\/>\n\n\n\n<h3 class=\"wp-block-heading ext-animate--on\"><strong>8. Donn\u00e9es personnelles<\/strong><\/h3>\n\n\n\n<p class=\"ext-animate--on\">Les informations collect\u00e9es via le site sont destin\u00e9es \u00e0 SAS VB Developpement pour la gestion des demandes clients.<\/p>\n\n\n\n<p class=\"ext-animate--on\">Conform\u00e9ment au RGPD et \u00e0 la loi Informatique et Libert\u00e9s, vous disposez d\u2019un droit :<\/p>\n\n\n\n<ul class=\"wp-block-list ext-animate--on\">\n<li class=\"ext-animate--on\">d\u2019acc\u00e8s<\/li>\n\n\n\n<li class=\"ext-animate--on\">de rectification<\/li>\n\n\n\n<li class=\"ext-animate--on\">de suppression<\/li>\n\n\n\n<li class=\"ext-animate--on\">d\u2019opposition<\/li>\n<\/ul>\n\n\n\n<p class=\"ext-animate--on\">Vous pouvez exercer ce droit en contactant : contact@agence3bastides.com<\/p>\n\n\n\n<hr class=\"wp-block-separator has-alpha-channel-opacity ext-animate--on\"\/>\n\n\n\n<h3 class=\"wp-block-heading ext-animate--on\"><strong>9. M\u00e9diation<\/strong><\/h3>\n\n\n\n<p class=\"ext-animate--on\">Conform\u00e9ment aux articles L.616-1 et R.616-1 du Code de la consommation, le client peut recourir gratuitement \u00e0 un m\u00e9diateur de la consommation :<\/p>\n\n\n\n<p class=\"ext-animate--on\"><strong>[Nom du m\u00e9diateur]<\/strong><br>[Coordonn\u00e9es]<br>Site web : [URL]<\/p>\n\n\n\n<hr class=\"wp-block-separator has-alpha-channel-opacity ext-animate--on\"\/>\n\n\n\n<h3 class=\"wp-block-heading ext-animate--on\"><strong>10. Loi applicable<\/strong><\/h3>\n\n\n\n<p class=\"ext-animate--on\">Les pr\u00e9sentes mentions l\u00e9gales sont r\u00e9gies par la loi fran\u00e7aise.<br>En cas de litige, les tribunaux comp\u00e9tents seront ceux du ressort du si\u00e8ge social.<br><\/p>\n\n\n<\/div>\n","protected":false},"excerpt":{"rendered":"<p>Mentions l\u00e9gales 1. \u00c9diteur du site Le pr\u00e9sent site est \u00e9dit\u00e9 par : VB Developpement Nom commercial : Agence des 3 BastidesForme juridique : SASCapital social : 1000\u20acSi\u00e8ge social : Lieu-dit Ligal 12270 NAJACT\u00e9l\u00e9phone : 07.44.42.18.93Email : contact@agence3bastides.com Immatricul\u00e9e au Registre du Commerce et des Soci\u00e9t\u00e9s de Rodez sous le num\u00e9ro : 102.322.849TVA non applicable [&hellip;]<\/p>\n","protected":false},"author":1,"featured_media":0,"parent":0,"menu_order":0,"comment_status":"closed","ping_status":"closed","template":"page-with-title","meta":{"footnotes":""},"class_list":["post-140","page","type-page","status-publish","hentry"],"yoast_head":"<!-- This site is optimized with the Yoast SEO plugin v27.4 - https:\/\/yoast.com\/product\/yoast-seo-wordpress\/ -->\n<title>Mentions L\u00e9gales - Agence des 3 Bastides - Mentions l\u00e9gales SAS VB Developpement<\/title>\n<meta name=\"description\" content=\"Mentions l\u00e9gales. Le pr\u00e9sent site est \u00e9dit\u00e9 par : VB Developpement. Nom commercial : Agence des 3 Bastides. contact@agence3bastides.com\" \/>\n<meta name=\"robots\" content=\"index, follow, max-snippet:-1, max-image-preview:large, max-video-preview:-1\" \/>\n<link rel=\"canonical\" href=\"https:\/\/agence3bastides.com\/en\/mentions-legales-2\/\" \/>\n<meta property=\"og:locale\" content=\"en_GB\" \/>\n<meta property=\"og:type\" content=\"article\" \/>\n<meta property=\"og:title\" content=\"Mentions L\u00e9gales - Agence des 3 Bastides - Mentions l\u00e9gales SAS VB Developpement\" \/>\n<meta property=\"og:description\" content=\"Mentions l\u00e9gales. Le pr\u00e9sent site est \u00e9dit\u00e9 par : VB Developpement. Nom commercial : Agence des 3 Bastides. contact@agence3bastides.com\" \/>\n<meta property=\"og:url\" content=\"https:\/\/agence3bastides.com\/en\/mentions-legales-2\/\" \/>\n<meta property=\"og:site_name\" content=\"Agence des 3 Bastides\" \/>\n<meta property=\"article:modified_time\" content=\"2026-04-14T07:57:58+00:00\" \/>\n<meta name=\"twitter:card\" content=\"summary_large_image\" \/>\n<meta name=\"twitter:label1\" content=\"Estimated reading time\" \/>\n\t<meta name=\"twitter:data1\" content=\"3 minutes\" \/>\n<script type=\"application\/ld+json\" class=\"yoast-schema-graph\">{\"@context\":\"https:\\\/\\\/schema.org\",\"@graph\":[{\"@type\":\"WebPage\",\"@id\":\"https:\\\/\\\/agence3bastides.com\\\/mentions-legales-2\\\/\",\"url\":\"https:\\\/\\\/agence3bastides.com\\\/mentions-legales-2\\\/\",\"name\":\"Mentions L\u00e9gales - Agence des 3 Bastides - Mentions l\u00e9gales SAS VB Developpement\",\"isPartOf\":{\"@id\":\"https:\\\/\\\/agence3bastides.com\\\/#website\"},\"datePublished\":\"2026-02-02T11:55:29+00:00\",\"dateModified\":\"2026-04-14T07:57:58+00:00\",\"description\":\"Mentions l\u00e9gales. Le pr\u00e9sent site est \u00e9dit\u00e9 par : VB Developpement. Nom commercial : Agence des 3 Bastides. contact@agence3bastides.com\",\"breadcrumb\":{\"@id\":\"https:\\\/\\\/agence3bastides.com\\\/mentions-legales-2\\\/#breadcrumb\"},\"inLanguage\":\"en-GB\",\"potentialAction\":[{\"@type\":\"ReadAction\",\"target\":[\"https:\\\/\\\/agence3bastides.com\\\/mentions-legales-2\\\/\"]}]},{\"@type\":\"BreadcrumbList\",\"@id\":\"https:\\\/\\\/agence3bastides.com\\\/mentions-legales-2\\\/#breadcrumb\",\"itemListElement\":[{\"@type\":\"ListItem\",\"position\":1,\"name\":\"Accueil\",\"item\":\"https:\\\/\\\/agence3bastides.com\\\/\"},{\"@type\":\"ListItem\",\"position\":2,\"name\":\"Mentions L\u00e9gales\"}]},{\"@type\":\"WebSite\",\"@id\":\"https:\\\/\\\/agence3bastides.com\\\/#website\",\"url\":\"https:\\\/\\\/agence3bastides.com\\\/\",\"name\":\"Agence des 3 Bastides\",\"description\":\"Agence des 3 Badtides\",\"publisher\":{\"@id\":\"https:\\\/\\\/agence3bastides.com\\\/#organization\"},\"potentialAction\":[{\"@type\":\"SearchAction\",\"target\":{\"@type\":\"EntryPoint\",\"urlTemplate\":\"https:\\\/\\\/agence3bastides.com\\\/?s={search_term_string}\"},\"query-input\":{\"@type\":\"PropertyValueSpecification\",\"valueRequired\":true,\"valueName\":\"search_term_string\"}}],\"inLanguage\":\"en-GB\"},{\"@type\":\"Organization\",\"@id\":\"https:\\\/\\\/agence3bastides.com\\\/#organization\",\"name\":\"Agence des 3 Bastides\",\"url\":\"https:\\\/\\\/agence3bastides.com\\\/\",\"logo\":{\"@type\":\"ImageObject\",\"inLanguage\":\"en-GB\",\"@id\":\"https:\\\/\\\/agence3bastides.com\\\/#\\\/schema\\\/logo\\\/image\\\/\",\"url\":\"https:\\\/\\\/agence3bastides.com\\\/wp-content\\\/uploads\\\/2026\\\/02\\\/logo-transparent.png\",\"contentUrl\":\"https:\\\/\\\/agence3bastides.com\\\/wp-content\\\/uploads\\\/2026\\\/02\\\/logo-transparent.png\",\"width\":1500,\"height\":1000,\"caption\":\"Agence des 3 Bastides\"},\"image\":{\"@id\":\"https:\\\/\\\/agence3bastides.com\\\/#\\\/schema\\\/logo\\\/image\\\/\"}}]}<\/script>\n<!-- \/ Yoast SEO plugin. -->","yoast_head_json":{"title":"Mentions L\u00e9gales - Agence des 3 Bastides - Mentions l\u00e9gales SAS VB Developpement","description":"Mentions l\u00e9gales. Le pr\u00e9sent site est \u00e9dit\u00e9 par : VB Developpement. Nom commercial : Agence des 3 Bastides. contact@agence3bastides.com","robots":{"index":"index","follow":"follow","max-snippet":"max-snippet:-1","max-image-preview":"max-image-preview:large","max-video-preview":"max-video-preview:-1"},"canonical":"https:\/\/agence3bastides.com\/en\/mentions-legales-2\/","og_locale":"en_GB","og_type":"article","og_title":"Mentions L\u00e9gales - Agence des 3 Bastides - Mentions l\u00e9gales SAS VB Developpement","og_description":"Mentions l\u00e9gales. Le pr\u00e9sent site est \u00e9dit\u00e9 par : VB Developpement. Nom commercial : Agence des 3 Bastides. contact@agence3bastides.com","og_url":"https:\/\/agence3bastides.com\/en\/mentions-legales-2\/","og_site_name":"Agence des 3 Bastides","article_modified_time":"2026-04-14T07:57:58+00:00","twitter_card":"summary_large_image","twitter_misc":{"Estimated reading time":"3 minutes"},"schema":{"@context":"https:\/\/schema.org","@graph":[{"@type":"WebPage","@id":"https:\/\/agence3bastides.com\/mentions-legales-2\/","url":"https:\/\/agence3bastides.com\/mentions-legales-2\/","name":"Mentions L\u00e9gales - Agence des 3 Bastides - Mentions l\u00e9gales SAS VB Developpement","isPartOf":{"@id":"https:\/\/agence3bastides.com\/#website"},"datePublished":"2026-02-02T11:55:29+00:00","dateModified":"2026-04-14T07:57:58+00:00","description":"Mentions l\u00e9gales. Le pr\u00e9sent site est \u00e9dit\u00e9 par : VB Developpement. Nom commercial : Agence des 3 Bastides. contact@agence3bastides.com","breadcrumb":{"@id":"https:\/\/agence3bastides.com\/mentions-legales-2\/#breadcrumb"},"inLanguage":"en-GB","potentialAction":[{"@type":"ReadAction","target":["https:\/\/agence3bastides.com\/mentions-legales-2\/"]}]},{"@type":"BreadcrumbList","@id":"https:\/\/agence3bastides.com\/mentions-legales-2\/#breadcrumb","itemListElement":[{"@type":"ListItem","position":1,"name":"Accueil","item":"https:\/\/agence3bastides.com\/"},{"@type":"ListItem","position":2,"name":"Mentions L\u00e9gales"}]},{"@type":"WebSite","@id":"https:\/\/agence3bastides.com\/#website","url":"https:\/\/agence3bastides.com\/","name":"Agence des 3 Bastides","description":"Agence des 3 Badtides","publisher":{"@id":"https:\/\/agence3bastides.com\/#organization"},"potentialAction":[{"@type":"SearchAction","target":{"@type":"EntryPoint","urlTemplate":"https:\/\/agence3bastides.com\/?s={search_term_string}"},"query-input":{"@type":"PropertyValueSpecification","valueRequired":true,"valueName":"search_term_string"}}],"inLanguage":"en-GB"},{"@type":"Organization","@id":"https:\/\/agence3bastides.com\/#organization","name":"Agence des 3 Bastides","url":"https:\/\/agence3bastides.com\/","logo":{"@type":"ImageObject","inLanguage":"en-GB","@id":"https:\/\/agence3bastides.com\/#\/schema\/logo\/image\/","url":"https:\/\/agence3bastides.com\/wp-content\/uploads\/2026\/02\/logo-transparent.png","contentUrl":"https:\/\/agence3bastides.com\/wp-content\/uploads\/2026\/02\/logo-transparent.png","width":1500,"height":1000,"caption":"Agence des 3 Bastides"},"image":{"@id":"https:\/\/agence3bastides.com\/#\/schema\/logo\/image\/"}}]}},"jetpack_sharing_enabled":true,"_links":{"self":[{"href":"https:\/\/agence3bastides.com\/en\/wp-json\/wp\/v2\/pages\/140","targetHints":{"allow":["GET"]}}],"collection":[{"href":"https:\/\/agence3bastides.com\/en\/wp-json\/wp\/v2\/pages"}],"about":[{"href":"https:\/\/agence3bastides.com\/en\/wp-json\/wp\/v2\/types\/page"}],"author":[{"embeddable":true,"href":"https:\/\/agence3bastides.com\/en\/wp-json\/wp\/v2\/users\/1"}],"replies":[{"embeddable":true,"href":"https:\/\/agence3bastides.com\/en\/wp-json\/wp\/v2\/comments?post=140"}],"version-history":[{"count":3,"href":"https:\/\/agence3bastides.com\/en\/wp-json\/wp\/v2\/pages\/140\/revisions"}],"predecessor-version":[{"id":1490,"href":"https:\/\/agence3bastides.com\/en\/wp-json\/wp\/v2\/pages\/140\/revisions\/1490"}],"wp:attachment":[{"href":"https:\/\/agence3bastides.com\/en\/wp-json\/wp\/v2\/media?parent=140"}],"curies":[{"name":"wp","href":"https:\/\/api.w.org\/{rel}","templated":true}]}}