{"id":120,"date":"2026-02-02T11:54:37","date_gmt":"2026-02-02T11:54:37","guid":{"rendered":"https:\/\/agence3bastides.com\/ressources\/"},"modified":"2026-04-22T08:05:19","modified_gmt":"2026-04-22T08:05:19","slug":"conciergerie-proprietaire","status":"publish","type":"page","link":"https:\/\/agence3bastides.com\/en\/conciergerie-proprietaire\/","title":{"rendered":"Concierge services for owners"},"content":{"rendered":"\n<div class=\"wp-block-cover alignfull has-parallax has-text-color has-link-color wp-elements-d7039a213e701b3e5585ef2ed9ebcb23\" style=\"color:#ffffff;margin-top:0;margin-bottom:0;padding-top:0;padding-bottom:0;min-height:515px;aspect-ratio:unset;\"><div class=\"wp-block-cover__image-background wp-image-295 size-full has-parallax\" style=\"background-position:50% 50%;background-image:url(https:\/\/agence3bastides.com\/wp-content\/uploads\/2026\/02\/29033-SPL_Ouest_Aveyron_Tourisme-SPLOuestAveyronTourisme-1800px.jpg)\"><\/div><span aria-hidden=\"true\" class=\"wp-block-cover__background has-background-dim-40 has-background-dim\" style=\"background-color:#6e8388\"><\/span><div class=\"wp-block-cover__inner-container has-global-padding is-layout-constrained wp-block-cover-is-layout-constrained\">\n<h2 class=\"wp-block-heading has-text-align-center has-text-color has-link-color has-x-large-font-size wp-elements-6b2b758fd116a19e358edf20eb0156c4\" style=\"color:#ffffff\">Conciergerie Propri\u00e9taire<\/h2>\n\n\n\n<p class=\"has-text-align-center has-text-color has-link-color has-noto-serif-display-font-family wp-elements-69d0192a49eb3f0d151ca8f8228edc6e\" style=\"color:#ffffff;font-size:clamp(1.403rem, 1.403rem + ((1vw - 0.2rem) * 1.495), 2.3rem);\">Nos services<\/p>\n\n\n\n<p class=\"has-text-align-center has-text-color has-link-color has-source-serif-pro-font-family wp-elements-e3e86fe4d62bd439ba0bc002f0ee50aa\" style=\"color:#ffffff;margin-top:0.5rem;margin-right:var(--wp--preset--spacing--20);margin-bottom:0.5rem;margin-left:var(--wp--preset--spacing--20);padding-right:var(--wp--preset--spacing--40);padding-left:var(--wp--preset--spacing--40);font-size:clamp(14.082px, 0.88rem + ((1vw - 3.2px) * 0.721), 21px);font-style:normal;font-weight:300\">Pour les propri\u00e9taires de g\u00eetes, meubl\u00e9s de tourisme, appartements ou maisons secondaires<\/p>\n\n\n\n<div class=\"wp-block-buttons is-content-justification-center is-layout-flex wp-container-core-buttons-is-layout-a89b3969 wp-block-buttons-is-layout-flex\">\n<div class=\"wp-block-button\"><a class=\"wp-block-button__link has-background has-text-align-center wp-element-button\" href=\"#contact\" style=\"background-color:#041561ad\">Nous contacter<\/a><\/div>\n<\/div>\n<\/div><\/div>\n\n\n\n<div class=\"wp-block-group alignfull is-style-ext-preset--group--natural-1--section has-background has-global-padding is-layout-constrained wp-container-core-group-is-layout-47af5fb4 wp-block-group-is-layout-constrained\" id=\"ressources\" style=\"background-color:#041561ad;margin-top:0;margin-bottom:0;padding-top:var(--wp--preset--spacing--30);padding-bottom:var(--wp--preset--spacing--30)\">\n<div class=\"wp-block-group is-vertical is-content-justification-center is-layout-flex wp-container-core-group-is-layout-c9ee0c5a wp-block-group-is-layout-flex\">\n<div class=\"wp-block-group has-global-padding is-layout-constrained wp-container-core-group-is-layout-5e05634a wp-block-group-is-layout-constrained\">\n<h3 class=\"wp-block-heading has-text-align-center has-text-color has-link-color has-arsenal-font-family wp-elements-c903d71f36c46b1578dd4c637faa8481\" style=\"color:#ffffff;padding-right:var(--wp--preset--spacing--70);padding-left:var(--wp--preset--spacing--70);font-size:clamp(1.119rem, 1.119rem + ((1vw - 0.2rem) * 1.052), 1.75rem);\">Un service sur-mesure pour une tranquillit\u00e9 absolue<\/h3>\n\n\n\n<p class=\"has-text-align-center has-text-color has-link-color has-rubik-font-family has-medium-font-size wp-elements-f695968c92f064d8ee5a37e669620d3f\" style=\"color:#ffffff;margin-top:0.5rem;margin-right:var(--wp--preset--spacing--20);margin-bottom:0.5rem;margin-left:var(--wp--preset--spacing--20);padding-right:var(--wp--preset--spacing--55);padding-left:var(--wp--preset--spacing--55);font-style:normal;font-weight:300\">Nous proposons plusieurs services de gestion locative courte dur\u00e9e et de conciergerie propri\u00e9taire afin de r\u00e9pondre aux besoin de chacun. En effet, faire appel \u00e0 une conciergerie propri\u00e9taire c&rsquo;est optimiser ses revenus, sans efforts et sans frais.<\/p>\n<\/div>\n<\/div>\n<\/div>\n\n\n\n<div class=\"wp-block-group alignfull is-style-ext-preset--group--natural-1--section has-background-background-color has-background has-global-padding is-layout-constrained wp-container-core-group-is-layout-a289dec5 wp-block-group-is-layout-constrained\" style=\"margin-top:0;margin-bottom:0;padding-top:var(--wp--preset--spacing--30);padding-bottom:var(--wp--preset--spacing--30)\">\n<div class=\"wp-block-group alignwide is-vertical is-content-justification-center is-layout-flex wp-container-core-group-is-layout-c9ee0c5a wp-block-group-is-layout-flex\">\n<div class=\"wp-block-group has-global-padding is-layout-constrained wp-container-core-group-is-layout-5e05634a wp-block-group-is-layout-constrained\">\n<h3 class=\"wp-block-heading has-text-align-center\">4 formules de gestion selon vos besoins<\/h3>\n\n\n\n<p class=\"has-text-align-center has-rubik-font-family\" style=\"margin-top:0.5rem;margin-right:0;margin-bottom:0.5rem;margin-left:0;padding-right:var(--wp--preset--spacing--55);padding-left:var(--wp--preset--spacing--55);font-size:clamp(0.984rem, 0.984rem + ((1vw - 0.2rem) * 0.86), 1.5rem);font-style:normal;font-weight:400\">D\u00e9couvrez nos formules simples et claires pour profiter pleinement de nos services de conciergerie propri\u00e9taire selon vos besoins.<\/p>\n<\/div>\n<\/div>\n\n\n\n<div class=\"wp-block-columns alignwide is-layout-flex wp-container-core-columns-is-layout-08c01c1c wp-block-columns-is-layout-flex\">\n<div class=\"wp-block-column is-vertically-aligned-stretch is-layout-flow wp-container-core-column-is-layout-f5bb311e wp-block-column-is-layout-flow\">\n<div class=\"wp-block-group is-style-ext-preset--group--natural-1--item-card-1--align-center has-global-padding is-layout-constrained wp-block-group-is-layout-constrained is-style-ext-preset--group--natural-1--item-card-1--align-center--3\">\n<div class=\"wp-block-group is-style-default has-global-padding is-layout-constrained wp-container-core-group-is-layout-5bb8f68e wp-block-group-is-layout-constrained\" style=\"padding-top:var(--wp--preset--spacing--55);padding-right:0;padding-bottom:var(--wp--preset--spacing--55);padding-left:0\">\n<figure class=\"wp-block-image aligncenter size-full is-resized ext-aspect-landscape wp-duotone-rgb211919-c6b6ac-4\"><img loading=\"lazy\" decoding=\"async\" width=\"439\" height=\"359\" src=\"https:\/\/agence3bastides.com\/wp-content\/uploads\/2026\/02\/icone-all-inclusive.png\" alt=\"\" class=\"wp-image-268\" style=\"aspect-ratio:1.2229000242072137;object-fit:cover;width:118px;height:auto\" srcset=\"https:\/\/agence3bastides.com\/wp-content\/uploads\/2026\/02\/icone-all-inclusive.png 439w, https:\/\/agence3bastides.com\/wp-content\/uploads\/2026\/02\/icone-all-inclusive-300x245.png 300w, https:\/\/agence3bastides.com\/wp-content\/uploads\/2026\/02\/icone-all-inclusive-15x12.png 15w\" sizes=\"auto, (max-width: 439px) 100vw, 439px\" \/><\/figure>\n\n\n\n<h3 class=\"wp-block-heading has-text-align-center\"><mark style=\"background-color:rgba(0, 0, 0, 0)\" class=\"has-inline-color has-foreground-color\">Formule Cl\u00e9 en main<\/mark><\/h3>\n\n\n\n<p class=\"has-text-color has-link-color has-source-serif-pro-font-family has-medium-font-size wp-elements-e4f687d3e0c4c2a4b80a48322647c797\" style=\"color:#041561ad;margin-top:0.5rem;margin-right:0;margin-bottom:0.5rem;margin-left:0;padding-right:0;padding-left:0;font-style:italic;font-weight:700\"><strong>18% des revenus locatifs<\/strong><\/p>\n\n\n\n<p>\u2714 Mise en place de la location saisonni\u00e8re<\/p>\n\n\n\n<p>\u2714 Gestion de la location saisonni\u00e8re avant s\u00e9jour<\/p>\n\n\n\n<p>\u2714 Gestion des voyageurs<\/p>\n\n\n\n<p class=\"has-text-align-left\">\u2714 Organisation de l&rsquo;Intendance &amp; entretien*<\/p>\n\n\n\n<p>\u2714 Suivi &amp; transparence propri\u00e9taire<\/p>\n\n\n\n<p class=\"ext-animate--on\">*<em>Frais de m\u00e9nage et blanchisserie \u00e0 la charge du voyageur<\/em><\/p>\n<\/div>\n<\/div>\n<\/div>\n\n\n\n<div class=\"wp-block-column is-vertically-aligned-stretch is-layout-flow wp-container-core-column-is-layout-f5bb311e wp-block-column-is-layout-flow\">\n<div class=\"wp-block-group is-style-ext-preset--group--natural-1--item-card-1--align-center has-global-padding is-layout-constrained wp-block-group-is-layout-constrained is-style-ext-preset--group--natural-1--item-card-1--align-center--5\" style=\"padding-top:var(--wp--preset--spacing--40);padding-bottom:var(--wp--preset--spacing--40)\">\n<div class=\"wp-block-group is-style-default has-global-padding is-layout-constrained wp-block-group-is-layout-constrained\">\n<figure class=\"wp-block-image aligncenter size-full is-resized ext-aspect-landscape wp-duotone-rgb302826-c6b6ac-6\"><img loading=\"lazy\" decoding=\"async\" width=\"439\" height=\"359\" src=\"https:\/\/agence3bastides.com\/wp-content\/uploads\/2026\/02\/icone-Plus.png\" alt=\"\" class=\"wp-image-269\" style=\"aspect-ratio:1.2228706806887784;object-fit:cover;width:117px;height:auto\" srcset=\"https:\/\/agence3bastides.com\/wp-content\/uploads\/2026\/02\/icone-Plus.png 439w, https:\/\/agence3bastides.com\/wp-content\/uploads\/2026\/02\/icone-Plus-300x245.png 300w, https:\/\/agence3bastides.com\/wp-content\/uploads\/2026\/02\/icone-Plus-15x12.png 15w\" sizes=\"auto, (max-width: 439px) 100vw, 439px\" \/><\/figure>\n\n\n\n<h3 class=\"wp-block-heading has-text-align-center\">Forfait Plus<\/h3>\n\n\n\n<p class=\"has-text-color has-link-color has-source-serif-pro-font-family has-medium-font-size wp-elements-93d3afcb597137c229ee1adf2c58fd5b\" style=\"color:#041561ad;margin-top:0.5rem;margin-right:0;margin-bottom:0.5rem;margin-left:0;padding-right:0;padding-left:0;font-style:italic;font-weight:700\"><strong>12% des revenus locatifs<\/strong><\/p>\n\n\n\n<p class=\"has-text-align-center\">\u2714 Mise en place de la location saisonni\u00e8re<\/p>\n\n\n\n<p>\u2714 Gestion de la location saisonni\u00e8re avant s\u00e9jour<\/p>\n\n\n\n<p>\u2714 Gestion des voyageurs<\/p>\n\n\n\n<p class=\"has-text-align-center\">\u2714 Suivi &amp; transparence propri\u00e9taire<\/p>\n<\/div>\n<\/div>\n<\/div>\n\n\n\n<div class=\"wp-block-column is-vertically-aligned-stretch is-layout-flow wp-container-core-column-is-layout-f5bb311e wp-block-column-is-layout-flow\">\n<div class=\"wp-block-group is-style-ext-preset--group--natural-1--item-card-1--align-center has-global-padding is-layout-constrained wp-block-group-is-layout-constrained is-style-ext-preset--group--natural-1--item-card-1--align-center--7\" style=\"padding-top:var(--wp--preset--spacing--40);padding-bottom:var(--wp--preset--spacing--40)\">\n<div class=\"wp-block-group is-style-default has-global-padding is-layout-constrained wp-block-group-is-layout-constrained\">\n<figure class=\"wp-block-image aligncenter size-full is-resized ext-aspect-landscape wp-duotone-161614-c6b6ac-8\"><img loading=\"lazy\" decoding=\"async\" width=\"439\" height=\"359\" src=\"https:\/\/agence3bastides.com\/wp-content\/uploads\/2026\/02\/icone-simple.png\" alt=\"\" class=\"wp-image-270\" style=\"aspect-ratio:1.2228706806887784;object-fit:cover;width:115px;height:auto\" srcset=\"https:\/\/agence3bastides.com\/wp-content\/uploads\/2026\/02\/icone-simple.png 439w, https:\/\/agence3bastides.com\/wp-content\/uploads\/2026\/02\/icone-simple-300x245.png 300w, https:\/\/agence3bastides.com\/wp-content\/uploads\/2026\/02\/icone-simple-15x12.png 15w\" sizes=\"auto, (max-width: 439px) 100vw, 439px\" \/><\/figure>\n\n\n\n<h3 class=\"wp-block-heading has-text-align-center\">Forfait Simple <\/h3>\n\n\n\n<p class=\"has-text-color has-link-color has-source-serif-pro-font-family has-medium-font-size wp-elements-216edff48f1ab843dd78a3962ebd5157\" style=\"color:#041561ad;margin-top:0.5rem;margin-right:0;margin-bottom:0.5rem;margin-left:0;padding-right:0;padding-left:0;font-style:italic;font-weight:700\"><strong>8% des revenus locatifs<\/strong><\/p>\n\n\n\n<p class=\"has-text-align-center\"> \u2714 Mise en place de la location saisonni\u00e8re<\/p>\n\n\n\n<p>\u2714 Gestion de la location saisonni\u00e8re avant s\u00e9jour<\/p>\n\n\n\n<p class=\"has-text-align-center\">\u2714 Suivi &amp; transparence propri\u00e9taire<\/p>\n<\/div>\n<\/div>\n\n\n\n<p><\/p>\n<\/div>\n\n\n\n<div class=\"wp-block-column is-layout-flow wp-block-column-is-layout-flow\">\n<div class=\"wp-block-columns is-layout-flex wp-container-core-columns-is-layout-28f84493 wp-block-columns-is-layout-flex\">\n<div class=\"wp-block-column is-layout-flow wp-block-column-is-layout-flow\">\n<div class=\"wp-block-columns is-layout-flex wp-container-core-columns-is-layout-28f84493 wp-block-columns-is-layout-flex\">\n<div class=\"wp-block-column is-layout-flow wp-block-column-is-layout-flow\">\n<div class=\"wp-block-group is-style-ext-preset--group--natural-1--item-card-1--align-center has-global-padding is-layout-constrained wp-block-group-is-layout-constrained is-style-ext-preset--group--natural-1--item-card-1--align-center--9\" style=\"margin-bottom:var(--wp--preset--spacing--55);padding-top:var(--wp--preset--spacing--40);padding-bottom:var(--wp--preset--spacing--40)\">\n<div class=\"wp-block-group is-style-default has-global-padding is-layout-constrained wp-block-group-is-layout-constrained\">\n<figure class=\"wp-block-image aligncenter size-full is-resized ext-aspect-landscape wp-duotone-161614-c6b6ac-10\"><img loading=\"lazy\" decoding=\"async\" width=\"1000\" height=\"1000\" src=\"https:\/\/agence3bastides.com\/wp-content\/uploads\/2026\/02\/Design-sans-titre-14-edited.png\" alt=\"\" class=\"wp-image-726\" style=\"aspect-ratio:1.2228706806887784;object-fit:cover;width:122px;height:auto\" srcset=\"https:\/\/agence3bastides.com\/wp-content\/uploads\/2026\/02\/Design-sans-titre-14-edited.png 1000w, https:\/\/agence3bastides.com\/wp-content\/uploads\/2026\/02\/Design-sans-titre-14-edited-300x300.png 300w, https:\/\/agence3bastides.com\/wp-content\/uploads\/2026\/02\/Design-sans-titre-14-edited-150x150.png 150w, https:\/\/agence3bastides.com\/wp-content\/uploads\/2026\/02\/Design-sans-titre-14-edited-768x768.png 768w, https:\/\/agence3bastides.com\/wp-content\/uploads\/2026\/02\/Design-sans-titre-14-edited-12x12.png 12w\" sizes=\"auto, (max-width: 1000px) 100vw, 1000px\" \/><\/figure>\n\n\n\n<h3 class=\"wp-block-heading has-text-align-center\">Forfait \u00e0 la carte<\/h3>\n\n\n\n<p class=\"has-text-color has-link-color has-source-serif-pro-font-family has-medium-font-size wp-elements-560c55051f700bcd39cbe4f05113d482\" style=\"color:#041561ad;margin-top:0.5rem;margin-right:0;margin-bottom:0.5rem;margin-left:0;padding-right:0;padding-left:0;font-style:italic;font-weight:700\"><strong>Sur devis<\/strong><\/p>\n\n\n\n<p class=\"has-text-align-center\">Formules \u00e0 la carte selon vos besoins<\/p>\n\n\n\n<p class=\"has-text-align-center\">\u2714 Gestion des voyageurs<\/p>\n\n\n\n<p>\u2714 Intendance &amp; entretien<\/p>\n\n\n\n<p class=\"has-text-align-center\">\u2714 Suivi &amp; transparence propri\u00e9taire<\/p>\n<\/div>\n<\/div>\n<\/div>\n<\/div>\n<\/div>\n<\/div>\n<\/div>\n<\/div>\n\n\n\n<div style=\"height:39px\" aria-hidden=\"true\" class=\"wp-block-spacer\"><\/div>\n\n\n\n<p class=\"has-text-align-center has-arsenal-font-family\" style=\"margin-top:0.5rem;margin-right:0;margin-bottom:0.5rem;margin-left:0;padding-right:var(--wp--preset--spacing--70);padding-left:var(--wp--preset--spacing--70);font-size:clamp(0.875rem, 0.875rem + ((1vw - 0.2rem) * 0.458), 1.15rem);font-style:normal;font-weight:400\"><strong>De plus, n<b>ou<\/b><\/strong><b>s nous adaptons \u00e0 tout besoin sp\u00e9cifique et ponctuel (d\u00e9part en vacances du gestionnaire d&rsquo;un g\u00eete par exemple),<\/b><a data-type=\"internal\" data-id=\"#contact\" style=\"font-weight: bold;\" href=\"#contact\"> n&rsquo;h\u00e9sitez pas \u00e0 prendre contact avec nous pour un devis gratuit !<\/a><\/p>\n<\/div>\n\n\n\n<div class=\"wp-block-columns is-layout-flex wp-container-core-columns-is-layout-8351d469 wp-block-columns-is-layout-flex\" style=\"margin-bottom:var(--wp--preset--spacing--50)\">\n<div class=\"wp-block-column is-layout-flow wp-block-column-is-layout-flow\" style=\"flex-basis:50%\">\n<div class=\"wp-block-group alignwide is-style-ext-preset--group--natural-1--section has-background is-horizontal is-nowrap is-layout-flex wp-container-core-group-is-layout-2daaa08c wp-block-group-is-layout-flex\" id=\"faq\" style=\"border-top-left-radius:62px;border-bottom-right-radius:0px;background-color:#04156191;margin-top:0;margin-bottom:0;padding-top:var(--wp--preset--spacing--40);padding-bottom:var(--wp--preset--spacing--40)\">\n<div class=\"wp-block-group alignwide has-global-padding is-content-justification-center is-layout-constrained wp-container-core-group-is-layout-8f997a6a wp-block-group-is-layout-constrained\">\n<div class=\"wp-block-group is-style-ext-preset--group--natural-1--item-card-1--align-start is-layout-flow wp-block-group-is-layout-flow is-style-ext-preset--group--natural-1--item-card-1--align-start--12\">\n<div class=\"wp-block-group is-style-default has-background-background-color has-background has-global-padding is-layout-constrained wp-container-core-group-is-layout-c9115f92 wp-block-group-is-layout-constrained\" style=\"padding-right:var(--wp--preset--spacing--20);padding-left:var(--wp--preset--spacing--20);line-height:1.2\">\n<h3 class=\"wp-block-heading has-text-align-center\" style=\"font-size:clamp(0.984rem, 0.984rem + ((1vw - 0.2rem) * 0.86), 1.5rem);line-height:1.6\">Mise en place de la location saisonni\u00e8re<\/h3>\n\n\n\n<p class=\"has-arsenal-font-family\" style=\"font-size:clamp(0.875rem, 0.875rem + ((1vw - 0.2rem) * 0.625), 1.25rem);font-style:normal;font-weight:400;text-decoration:underline\">\u00c9tude du logement<\/p>\n\n\n\n<p class=\"has-text-align-left\">\u2714 Analyse du potentiel locatif<\/p>\n\n\n\n<p class=\"has-text-align-left\">\u2714 Positionnement prix\/saisonnalit\u00e9<\/p>\n\n\n\n<p>\u2714 Recommandations d\u2019am\u00e9lioration (\u00e9quipement, d\u00e9coration&#8230;)<\/p>\n\n\n\n<p><\/p>\n\n\n\n<p class=\"has-arsenal-font-family\" style=\"font-size:clamp(0.875rem, 0.875rem + ((1vw - 0.2rem) * 0.625), 1.25rem);font-style:normal;font-weight:400;text-decoration:underline\">Gestion des annonces<\/p>\n\n\n\n<p>\u2714 R\u00e9daction des annonces et photos des logements<\/p>\n\n\n\n<p>\u2714 Mise en ligne multi-plateformes (Airbnb, Booking, Abritel&#8230;)<\/p>\n\n\n\n<p>\u2714 Param\u00e9trage du calendrier d\u2019ouverture<\/p>\n\n\n\n<p> \u2714 Optimisation du remplissage<\/p>\n<\/div>\n<\/div>\n\n\n\n<div class=\"wp-block-group is-style-ext-preset--group--natural-1--item-card-1--align-start is-layout-flow wp-block-group-is-layout-flow is-style-ext-preset--group--natural-1--item-card-1--align-start--13\">\n<div class=\"wp-block-group is-style-default has-background-background-color has-background is-layout-flow wp-block-group-is-layout-flow\" style=\"line-height:1.2\">\n<h3 class=\"wp-block-heading has-text-align-center\">Gestion des voyageurs<\/h3>\n\n\n\n<p><\/p>\n\n\n\n<p class=\"has-arsenal-font-family\" style=\"font-size:clamp(0.875rem, 0.875rem + ((1vw - 0.2rem) * 0.458), 1.15rem);font-style:normal;font-weight:400;text-decoration:underline\">Communication voyageurs (multilingue)<\/p>\n\n\n\n<p>\u2714 R\u00e9ponses aux demandes avant s\u00e9jour et conseils personnalis\u00e9s<\/p>\n\n\n\n<p>\u2714 Instructions d\u2019arriv\u00e9e et de d\u00e9part<\/p>\n\n\n\n<p>\u2714 Assistance pendant le s\u00e9jour et gestion des incidents simples<\/p>\n\n\n\n<p>\u2714 Proposition d\u2019un service de conciergerie pour le voyageur<\/p>\n\n\n\n<p><\/p>\n\n\n\n<p class=\"has-arsenal-font-family\" style=\"font-size:clamp(0.875rem, 0.875rem + ((1vw - 0.2rem) * 0.458), 1.15rem);font-style:normal;font-weight:400;text-decoration:underline\">Accueil &amp; d\u00e9part des voyageurs<\/p>\n\n\n\n<p>\u2714 Accueil personnalis\u00e9 ou autonome<\/p>\n\n\n\n<p>\u2714 Pr\u00e9sentation du logement<\/p>\n\n\n\n<p>\u2714 Gestion des cl\u00e9s<\/p>\n\n\n\n<p>\u2714 Contr\u00f4le du logement apr\u00e8s d\u00e9part du voyageur<\/p>\n\n\n\n<p><\/p>\n\n\n\n<p class=\"has-arsenal-font-family\" style=\"font-size:clamp(0.875rem, 0.875rem + ((1vw - 0.2rem) * 0.458), 1.15rem);font-style:normal;font-weight:400;text-decoration:underline\">Avis &amp; r\u00e9putation<\/p>\n\n\n\n<p>\u2714 Sollicitation d\u2019avis<\/p>\n\n\n\n<p>\u2714 R\u00e9ponses aux commentaires<\/p>\n\n\n\n<p>\u2714 Gestion des r\u00e9clamations et litiges plateformes<\/p>\n<\/div>\n<\/div>\n<\/div>\n<\/div>\n<\/div>\n\n\n\n<div class=\"wp-block-column has-background is-layout-flow wp-block-column-is-layout-flow\" style=\"border-bottom-left-radius:0px;border-bottom-right-radius:62px;background-color:#04156191;flex-basis:50%\">\n<div class=\"wp-block-group alignwide is-style-ext-preset--group--natural-1--section has-background is-nowrap is-layout-flex wp-container-core-group-is-layout-5c657bf2 wp-block-group-is-layout-flex\" id=\"faq\" style=\"background-color:#04156100;margin-top:0;margin-bottom:0;padding-top:var(--wp--preset--spacing--40);padding-bottom:var(--wp--preset--spacing--40)\">\n<div class=\"wp-block-group alignwide has-global-padding is-content-justification-center is-layout-constrained wp-container-core-group-is-layout-8f997a6a wp-block-group-is-layout-constrained\">\n<div class=\"wp-block-group is-style-ext-preset--group--natural-1--item-card-1--align-start is-layout-flow wp-block-group-is-layout-flow is-style-ext-preset--group--natural-1--item-card-1--align-start--15\">\n<div class=\"wp-block-group is-style-default has-background-background-color has-background is-layout-flow wp-block-group-is-layout-flow\" style=\"padding-right:var(--wp--preset--spacing--20);padding-left:var(--wp--preset--spacing--20);line-height:1.2\">\n<h3 class=\"wp-block-heading has-text-align-center\" style=\"margin-top:0;margin-right:0;margin-bottom:0;margin-left:0;padding-top:0;padding-right:0;padding-bottom:0;padding-left:0;font-size:clamp(0.984rem, 0.984rem + ((1vw - 0.2rem) * 0.86), 1.5rem);line-height:1.4\">Gestion de la location saisonni\u00e8re avant s\u00e9jour<\/h3>\n\n\n\n<p class=\"has-arsenal-font-family\" style=\"font-size:clamp(0.875rem, 0.875rem + ((1vw - 0.2rem) * 0.625), 1.25rem);font-style:normal;font-weight:400;text-decoration:underline\">Gestion des r\u00e9servations<\/p>\n\n\n\n<p>\u2714 Cr\u00e9ation du livret d\u2019accueil personnalis\u00e9 au logement<\/p>\n\n\n\n<p>\u2714 Synchronisation des calendriers<\/p>\n\n\n\n<p>\u2714 Gestion des annulations et modifications<\/p>\n\n\n\n<p>\u2714 Gestion des demandes de voyageurs avant la r\u00e9servation<\/p>\n\n\n\n<p><\/p>\n\n\n\n<p class=\"has-arsenal-font-family\" style=\"font-size:clamp(0.875rem, 0.875rem + ((1vw - 0.2rem) * 0.625), 1.25rem);font-style:normal;font-weight:400;text-decoration:underline\">Tarification dynamique<\/p>\n\n\n\n<p>\u2714 Optimisation du taux d\u2019occupation du logement<\/p>\n\n\n\n<p>\u2714 Ajustement des prix selon la saison, les \u00e9v\u00e9nements et les demandes<\/p>\n<\/div>\n<\/div>\n\n\n\n<div class=\"wp-block-group is-style-ext-preset--group--natural-1--item-card-1--align-start is-layout-flow wp-block-group-is-layout-flow is-style-ext-preset--group--natural-1--item-card-1--align-start--16\">\n<div class=\"wp-block-group is-style-default has-background-background-color has-background is-layout-flow wp-block-group-is-layout-flow\" style=\"line-height:1.2\">\n<h3 class=\"wp-block-heading has-text-align-center has-noto-serif-display-font-family\" style=\"font-size:rem\">Intendance &amp; Entretien<\/h3>\n\n\n\n<p class=\"has-arsenal-font-family has-medium-font-size\" style=\"font-style:normal;font-weight:400;text-decoration:underline\">M\u00e9nage professionnel<\/p>\n\n\n\n<p>\u2714 Organisation et contr\u00f4le du m\u00e9nage<\/p>\n\n\n\n<p>\u2714 V\u00e9rification de la propret\u00e9 et de l\u2019\u00e9tat du logement<\/p>\n\n\n\n<p>\u2714 Gestion du linge (linge fourni par le propri\u00e9taire)<\/p>\n\n\n\n<p class=\"has-arsenal-font-family has-medium-font-size\" style=\"font-style:normal;font-weight:400;text-decoration:underline\">Suivi du logement<\/p>\n\n\n\n<p>\u2714 V\u00e9rification r\u00e9guli\u00e8re de l\u2019\u00e9tat g\u00e9n\u00e9ral<\/p>\n\n\n\n<p>\u2714 Signalement des d\u00e9gradations<\/p>\n\n\n\n<p>\u2714 Suivi du mat\u00e9riel et des consommables<\/p>\n<\/div>\n<\/div>\n\n\n\n<div class=\"wp-block-group is-style-ext-preset--group--natural-1--item-card-1--align-start is-layout-flow wp-block-group-is-layout-flow is-style-ext-preset--group--natural-1--item-card-1--align-start--17\">\n<div class=\"wp-block-group is-style-default has-background-background-color has-background is-layout-flow wp-block-group-is-layout-flow\">\n<h3 class=\"wp-block-heading\">Suivi &amp; Transparence<\/h3>\n\n\n\n<p>\u2714 Compte rendu mensuel<\/p>\n\n\n\n<p>\u2714 Communication r\u00e9guli\u00e8re<\/p>\n\n\n\n<p>\u2714 Validation pr\u00e9alable des d\u00e9penses engag\u00e9s<\/p>\n\n\n\n<p>\u2714 Disponibilit\u00e9, discr\u00e9tion et conseil continu<\/p>\n<\/div>\n<\/div>\n<\/div>\n<\/div>\n<\/div>\n<\/div>\n\n\n\n<p class=\"has-text-align-center has-arsenal-font-family\"><a href=\"https:\/\/agence3bastides.com\/gestion-maison-secondaire-en-aveyron\/\" type=\"link\" id=\"https:\/\/agence3bastides.com\/services-maisons-secondaires\/\">D\u00e9couvrez aussi nos services compl\u00e9mentaires possible pour la gestion de votre r\u00e9sidence secondaire \u00e0 l&rsquo;ann\u00e9e.<\/a><\/p>\n\n\n\n<p><\/p>\n\n\n\n<div class=\"wp-block-group alignfull is-style-ext-preset--group--natural-1--section has-background has-global-padding is-layout-constrained wp-container-core-group-is-layout-887f7143 wp-block-group-is-layout-constrained\" id=\"faq\" style=\"background-color:#04156191;margin-top:0;margin-bottom:0;padding-top:var(--wp--preset--spacing--30);padding-bottom:var(--wp--preset--spacing--30)\">\n<div class=\"wp-block-group alignwide is-vertical is-content-justification-center is-layout-flex wp-container-core-group-is-layout-c9ee0c5a wp-block-group-is-layout-flex\">\n<div class=\"wp-block-group has-global-padding is-layout-constrained wp-container-core-group-is-layout-2287c683 wp-block-group-is-layout-constrained\">\n<h2 class=\"wp-block-heading has-text-align-center has-text-color has-link-color wp-elements-4b5469cc60322b6ddb4da3b16a9dc7bc\" style=\"color:#ffffff\">FAQ propri\u00e9taires<\/h2>\n\n\n\n<p class=\"has-text-align-center has-text-color has-link-color has-source-serif-pro-font-family has-small-font-size wp-elements-522360a01d53e4e5380a0ab4a8b79d5e\" style=\"color:#ffffff;margin-top:0.5rem;margin-right:0;margin-bottom:0.5rem;margin-left:0;padding-right:var(--wp--preset--spacing--55);padding-left:var(--wp--preset--spacing--55);font-style:normal;font-weight:300\">Retrouvez ici les r\u00e9ponses aux questions fr\u00e9quentes pour vous guider rapidement et efficacement.<\/p>\n<\/div>\n<\/div>\n\n\n\n<div class=\"wp-block-group alignfull has-global-padding is-content-justification-center is-layout-constrained wp-container-core-group-is-layout-71fed29e wp-block-group-is-layout-constrained\">\n<div class=\"wp-block-group is-style-ext-preset--group--natural-1--item-card-1--align-start is-layout-flow wp-block-group-is-layout-flow is-style-ext-preset--group--natural-1--item-card-1--align-start--19\">\n<div class=\"wp-block-group is-style-default is-layout-flow wp-block-group-is-layout-flow\">\n<div data-wp-context=\"{ &quot;autoclose&quot;: false, &quot;accordionItems&quot;: [] }\" data-wp-interactive=\"core\/accordion\" role=\"group\" class=\"wp-block-accordion is-layout-flow wp-block-accordion-is-layout-flow\">\n<div data-wp-class--is-open=\"state.isOpen\" data-wp-context=\"{ &quot;id&quot;: &quot;accordion-item-20&quot;, &quot;openByDefault&quot;: false }\" data-wp-init=\"callbacks.initAccordionItems\" data-wp-on-window--hashchange=\"callbacks.hashChange\" class=\"wp-block-accordion-item is-layout-flow wp-block-accordion-item-is-layout-flow\">\n<h3 class=\"wp-block-accordion-heading\" style=\"font-size:clamp(0.984rem, 0.984rem + ((1vw - 0.2rem) * 0.86), 1.5rem);\"><button aria-expanded=\"false\" aria-controls=\"accordion-item-20-panel\" data-wp-bind--aria-expanded=\"state.isOpen\" data-wp-on--click=\"actions.toggle\" data-wp-on--keydown=\"actions.handleKeyDown\" id=\"accordion-item-20\" type=\"button\" class=\"wp-block-accordion-heading__toggle\"><span class=\"wp-block-accordion-heading__toggle-title\">Comment fonctionne la conciergerie pour mon logement ?<\/span><span class=\"wp-block-accordion-heading__toggle-icon\" aria-hidden=\"true\">+<\/span><\/button><\/h3>\n\n\n\n<div inert aria-labelledby=\"accordion-item-20\" data-wp-bind--inert=\"!state.isOpen\" id=\"accordion-item-20-panel\" role=\"region\" class=\"wp-block-accordion-panel is-layout-flow wp-block-accordion-panel-is-layout-flow\">\n<p>Nous prenons en charge la gestion de votre location saisonni\u00e8re selon la formule choisie : mise en ligne de l\u2019annonce, gestion des r\u00e9servations, communication avec les voyageurs, organisation des s\u00e9jours et suivi propri\u00e9taire. Vous gardez la ma\u00eetrise de votre bien, nous g\u00e9rons le quotidien.<\/p>\n<\/div>\n<\/div>\n<\/div>\n<\/div>\n<\/div>\n\n\n\n<div class=\"wp-block-group is-style-ext-preset--group--natural-1--item-card-1--align-start is-layout-flow wp-block-group-is-layout-flow is-style-ext-preset--group--natural-1--item-card-1--align-start--21\">\n<div class=\"wp-block-group is-style-default is-layout-flow wp-block-group-is-layout-flow\">\n<div data-wp-context=\"{ &quot;autoclose&quot;: false, &quot;accordionItems&quot;: [] }\" data-wp-interactive=\"core\/accordion\" role=\"group\" class=\"wp-block-accordion is-layout-flow wp-block-accordion-is-layout-flow\">\n<div data-wp-class--is-open=\"state.isOpen\" data-wp-context=\"{ &quot;id&quot;: &quot;accordion-item-22&quot;, &quot;openByDefault&quot;: false }\" data-wp-init=\"callbacks.initAccordionItems\" data-wp-on-window--hashchange=\"callbacks.hashChange\" class=\"wp-block-accordion-item is-layout-flow wp-block-accordion-item-is-layout-flow\">\n<h3 class=\"wp-block-accordion-heading\" style=\"font-size:clamp(0.984rem, 0.984rem + ((1vw - 0.2rem) * 0.86), 1.5rem);\"><button aria-expanded=\"false\" aria-controls=\"accordion-item-22-panel\" data-wp-bind--aria-expanded=\"state.isOpen\" data-wp-on--click=\"actions.toggle\" data-wp-on--keydown=\"actions.handleKeyDown\" id=\"accordion-item-22\" type=\"button\" class=\"wp-block-accordion-heading__toggle\"><span class=\"wp-block-accordion-heading__toggle-title\">Comment suis-je inform\u00e9 des r\u00e9servations et des revenus ?<\/span><span class=\"wp-block-accordion-heading__toggle-icon\" aria-hidden=\"true\">+<\/span><\/button><\/h3>\n\n\n\n<div inert aria-labelledby=\"accordion-item-22\" data-wp-bind--inert=\"!state.isOpen\" id=\"accordion-item-22-panel\" role=\"region\" class=\"wp-block-accordion-panel is-layout-flow wp-block-accordion-panel-is-layout-flow\">\n<p>Vous b\u00e9n\u00e9ficiez d\u2019un <strong>suivi transparent<\/strong> : calendrier \u00e0 jour, r\u00e9capitulatif des r\u00e9servations, revenus g\u00e9n\u00e9r\u00e9s et \u00e9changes possibles \u00e0 tout moment. Nous privil\u00e9gions une communication claire et r\u00e9guli\u00e8re.<\/p>\n<\/div>\n<\/div>\n<\/div>\n<\/div>\n<\/div>\n\n\n\n<div class=\"wp-block-group is-style-ext-preset--group--natural-1--item-card-1--align-start is-layout-flow wp-block-group-is-layout-flow is-style-ext-preset--group--natural-1--item-card-1--align-start--23\">\n<div class=\"wp-block-group is-style-default is-layout-flow wp-block-group-is-layout-flow\">\n<div data-wp-context=\"{ &quot;autoclose&quot;: false, &quot;accordionItems&quot;: [] }\" data-wp-interactive=\"core\/accordion\" role=\"group\" class=\"wp-block-accordion is-layout-flow wp-block-accordion-is-layout-flow\">\n<div data-wp-class--is-open=\"state.isOpen\" data-wp-context=\"{ &quot;id&quot;: &quot;accordion-item-24&quot;, &quot;openByDefault&quot;: false }\" data-wp-init=\"callbacks.initAccordionItems\" data-wp-on-window--hashchange=\"callbacks.hashChange\" class=\"wp-block-accordion-item is-layout-flow wp-block-accordion-item-is-layout-flow\">\n<h3 class=\"wp-block-accordion-heading\" style=\"font-size:clamp(0.984rem, 0.984rem + ((1vw - 0.2rem) * 0.86), 1.5rem);\"><button aria-expanded=\"false\" aria-controls=\"accordion-item-24-panel\" data-wp-bind--aria-expanded=\"state.isOpen\" data-wp-on--click=\"actions.toggle\" data-wp-on--keydown=\"actions.handleKeyDown\" id=\"accordion-item-24\" type=\"button\" class=\"wp-block-accordion-heading__toggle\"><span class=\"wp-block-accordion-heading__toggle-title\">Qui encaisse les loyers et comment suis-je pay\u00e9 ?<\/span><span class=\"wp-block-accordion-heading__toggle-icon\" aria-hidden=\"true\">+<\/span><\/button><\/h3>\n\n\n\n<div inert aria-labelledby=\"accordion-item-24\" data-wp-bind--inert=\"!state.isOpen\" id=\"accordion-item-24-panel\" role=\"region\" class=\"wp-block-accordion-panel is-layout-flow wp-block-accordion-panel-is-layout-flow\">\n<p>Les loyers sont <strong>encaiss\u00e9s directement par le propri\u00e9taire<\/strong> via les plateformes de r\u00e9servation. Nous intervenons uniquement en tant que prestataire de conciergerie et <strong>facturons nos services<\/strong> selon la formule choisie. Vous gardez ainsi la ma\u00eetrise totale des flux financiers.<\/p>\n<\/div>\n<\/div>\n<\/div>\n<\/div>\n<\/div>\n\n\n\n<div class=\"wp-block-group is-style-ext-preset--group--natural-1--item-card-1--align-start is-layout-flow wp-block-group-is-layout-flow is-style-ext-preset--group--natural-1--item-card-1--align-start--25\">\n<div class=\"wp-block-group is-style-default is-layout-flow wp-container-core-group-is-layout-19eabfb7 wp-block-group-is-layout-flow\">\n<div data-wp-context=\"{ &quot;autoclose&quot;: false, &quot;accordionItems&quot;: [] }\" data-wp-interactive=\"core\/accordion\" role=\"group\" class=\"wp-block-accordion is-layout-flow wp-block-accordion-is-layout-flow\">\n<div data-wp-class--is-open=\"state.isOpen\" data-wp-context=\"{ &quot;id&quot;: &quot;accordion-item-26&quot;, &quot;openByDefault&quot;: false }\" data-wp-init=\"callbacks.initAccordionItems\" data-wp-on-window--hashchange=\"callbacks.hashChange\" class=\"wp-block-accordion-item is-layout-flow wp-block-accordion-item-is-layout-flow\">\n<h3 class=\"wp-block-accordion-heading\" style=\"font-size:clamp(0.984rem, 0.984rem + ((1vw - 0.2rem) * 0.86), 1.5rem);\"><button aria-expanded=\"false\" aria-controls=\"accordion-item-26-panel\" data-wp-bind--aria-expanded=\"state.isOpen\" data-wp-on--click=\"actions.toggle\" data-wp-on--keydown=\"actions.handleKeyDown\" id=\"accordion-item-26\" type=\"button\" class=\"wp-block-accordion-heading__toggle\"><span class=\"wp-block-accordion-heading__toggle-title\">Suis-je libre d\u2019occuper mon logement quand je le souhaite ?<\/span><span class=\"wp-block-accordion-heading__toggle-icon\" aria-hidden=\"true\">+<\/span><\/button><\/h3>\n\n\n\n<div inert aria-labelledby=\"accordion-item-26\" data-wp-bind--inert=\"!state.isOpen\" id=\"accordion-item-26-panel\" role=\"region\" class=\"wp-block-accordion-panel is-layout-flow wp-block-accordion-panel-is-layout-flow\">\n<p>Oui, totalement. Vous d\u00e9finissez vos p\u00e9riodes d\u2019occupation personnelle \u00e0 l\u2019avance et nous bloquons ces dates dans le calendrier. Votre logement reste <strong>100 % sous votre contr\u00f4le<\/strong>.<\/p>\n<\/div>\n<\/div>\n<\/div>\n<\/div>\n<\/div>\n\n\n\n<div class=\"wp-block-group has-global-padding is-layout-constrained wp-block-group-is-layout-constrained\">\n<div class=\"wp-block-group is-style-default has-tertiary-background-color has-background has-global-padding is-layout-constrained wp-block-group-is-layout-constrained\" style=\"border-top-left-radius:50px;border-top-right-radius:0px;border-bottom-left-radius:0px;border-bottom-right-radius:64px\">\n<div class=\"wp-block-group is-style-default is-layout-flow wp-container-core-group-is-layout-19eabfb7 wp-block-group-is-layout-flow\">\n<div data-wp-context=\"{ &quot;autoclose&quot;: false, &quot;accordionItems&quot;: [] }\" data-wp-interactive=\"core\/accordion\" role=\"group\" class=\"wp-block-accordion is-layout-flow wp-block-accordion-is-layout-flow\">\n<div data-wp-class--is-open=\"state.isOpen\" data-wp-context=\"{ &quot;id&quot;: &quot;accordion-item-27&quot;, &quot;openByDefault&quot;: false }\" data-wp-init=\"callbacks.initAccordionItems\" data-wp-on-window--hashchange=\"callbacks.hashChange\" class=\"wp-block-accordion-item is-layout-flow wp-block-accordion-item-is-layout-flow\">\n<h3 class=\"wp-block-accordion-heading\" style=\"font-size:clamp(0.984rem, 0.984rem + ((1vw - 0.2rem) * 0.86), 1.5rem);\"><button aria-expanded=\"false\" aria-controls=\"accordion-item-27-panel\" data-wp-bind--aria-expanded=\"state.isOpen\" data-wp-on--click=\"actions.toggle\" data-wp-on--keydown=\"actions.handleKeyDown\" id=\"accordion-item-27\" type=\"button\" class=\"wp-block-accordion-heading__toggle\" style=\"padding-right:var(--wp--preset--spacing--30);padding-left:var(--wp--preset--spacing--30)\"><span class=\"wp-block-accordion-heading__toggle-title\">Mon logement est-il entretenu entre chaque s\u00e9jour ?<\/span><span class=\"wp-block-accordion-heading__toggle-icon\" aria-hidden=\"true\">+<\/span><\/button><\/h3>\n\n\n\n<div inert aria-labelledby=\"accordion-item-27\" data-wp-bind--inert=\"!state.isOpen\" id=\"accordion-item-27-panel\" role=\"region\" class=\"wp-block-accordion-panel is-layout-flow wp-block-accordion-panel-is-layout-flow\">\n<p class=\"has-small-font-size\" style=\"padding-right:var(--wp--preset--spacing--30);padding-left:var(--wp--preset--spacing--30)\">Selon la formule choisie, nous organisons le m\u00e9nage, le contr\u00f4le du logement et l\u2019intendance entre chaque location. Vous avez l\u2019assurance de retrouver un bien propre, v\u00e9rifi\u00e9 et pr\u00eat pour les prochains voyageurs.<\/p>\n<\/div>\n<\/div>\n<\/div>\n<\/div>\n<\/div>\n<\/div>\n<\/div>\n<\/div>\n\n\n\n<p><\/p>\n\n\n\n<hr class=\"wp-block-separator has-text-color has-alpha-channel-opacity has-background is-style-wide\" style=\"margin-top:var(--wp--preset--spacing--50);margin-bottom:var(--wp--preset--spacing--50);background-color:#04156191;color:#04156191\"\/>\n\n\n\n<p class=\"has-text-align-center has-arsenal-font-family\" id=\"contact\" style=\"padding-top:var(--wp--preset--spacing--40);padding-bottom:var(--wp--preset--spacing--40);font-size:clamp(0.875rem, 0.875rem + ((1vw - 0.2rem) * 0.458), 1.15rem);line-height:1.6\">Prenez un rendez-vous t\u00e9l\u00e9phonique, rapide et sans engagement, ou \u00e9crivez-nous pour plus d&rsquo;informations !<\/p>\n\n\n\n<div class=\"wp-block-columns are-vertically-aligned-center is-layout-flex wp-container-core-columns-is-layout-33d55896 wp-block-columns-is-layout-flex\" style=\"margin-top:var(--wp--preset--spacing--20);margin-bottom:var(--wp--preset--spacing--20);padding-top:0;padding-right:var(--wp--preset--spacing--60);padding-bottom:0;padding-left:var(--wp--preset--spacing--60)\">\n<div class=\"wp-block-column is-vertically-aligned-center is-layout-flow wp-block-column-is-layout-flow\" style=\"flex-basis:120%\">\n<div class=\"wp-block-columns is-layout-flex wp-container-core-columns-is-layout-28f84493 wp-block-columns-is-layout-flex\">\n<div class=\"wp-block-column is-layout-flow wp-block-column-is-layout-flow\" style=\"flex-basis:50%\">\n<!-- D\u00e9but de widget en ligne Calendly -->\n<div class=\"calendly-inline-widget\" data-url=\"https:\/\/calendly.com\/contact-immodesbastides\/30min?hide_event_type_details=1&#038;hide_gdpr_banner=1&#038;text_color=232222&#038;primary_color=1e4d89\" style=\"min-width:100px;height:500px;\"><\/div>\n<script type=\"text\/javascript\" src=\"https:\/\/assets.calendly.com\/assets\/external\/widget.js\" async><\/script>\n<!-- Fin de widget en ligne Calendly -->\n<\/div>\n\n\n\n<div class=\"wp-block-column is-vertically-aligned-stretch is-layout-flow wp-block-column-is-layout-flow\" style=\"padding-right:0;padding-left:var(--wp--preset--spacing--40);flex-basis:50%\">\n<style id=\"wpforms-css-vars-579\">\n\t\t\t\t#wpforms-579 {\n\t\t\t\t--wpforms-field-border-color: rgba(0, 0, 0, 0.25);\n--wpforms-field-border-color-spare: rgba(0, 0, 0, 0.25);\n--wpforms-field-text-color: rgba(0, 0, 0, 0.7);\n--wpforms-label-color: rgba(0, 0, 0, 0.85);\n--wpforms-label-sublabel-color: rgba(0, 0, 0, 0.55);\n--wpforms-button-background-color: #041561ad;\n--wpforms-container-padding: 0px;\n--wpforms-container-border-width: 1px;\n--wpforms-container-border-radius: 3px;\n--wpforms-background-color: rgba(0, 0, 0, 0);\n--wpforms-field-size-input-height: 31px;\n--wpforms-field-size-input-spacing: 10px;\n--wpforms-field-size-font-size: 14px;\n--wpforms-field-size-line-height: 17px;\n--wpforms-field-size-padding-h: 9px;\n--wpforms-field-size-checkbox-size: 14px;\n--wpforms-field-size-sublabel-spacing: 5px;\n--wpforms-field-size-icon-size: 0.75;\n--wpforms-label-size-font-size: 16px;\n--wpforms-label-size-line-height: 19px;\n--wpforms-label-size-sublabel-font-size: 14px;\n--wpforms-label-size-sublabel-line-height: 17px;\n--wpforms-button-size-font-size: 17px;\n--wpforms-button-size-height: 41px;\n--wpforms-button-size-padding-h: 15px;\n--wpforms-button-size-margin-top: 10px;\n--wpforms-container-shadow-size-box-shadow: none;\n\t\t\t}\n\t\t\t<\/style><div class=\"wpforms-container wpforms-container-full wpforms-render-modern\" id=\"wpforms-579\"><form id=\"wpforms-form-579\" class=\"wpforms-validate wpforms-form wpforms-ajax-form\" data-formid=\"579\" method=\"post\" enctype=\"multipart\/form-data\" action=\"\/en\/wp-json\/wp\/v2\/pages\/120\" data-token=\"98b7a6454032a1a0b62139b07738cb17\" data-token-time=\"1777626167\"><noscript class=\"wpforms-error-noscript\">Please enable JavaScript in your browser to complete this form.<\/noscript><div id=\"wpforms-error-noscript\" style=\"display: none;\">Please enable JavaScript in your browser to complete this form.<\/div><div class=\"wpforms-field-container\"><div id=\"wpforms-579-field_1-container\" class=\"wpforms-field wpforms-field-name\" data-field-id=\"1\"><label class=\"wpforms-field-label\" for=\"wpforms-579-field_1\">Nom pr\u00e9nom <span class=\"wpforms-required-label\" aria-hidden=\"true\">*<\/span><\/label><input type=\"text\" id=\"wpforms-579-field_1\" class=\"wpforms-field-large wpforms-field-required\" name=\"wpforms[fields][1]\" aria-errormessage=\"wpforms-579-field_1-error\" required><\/div><div id=\"wpforms-579-field_6-container\" class=\"wpforms-field wpforms-field-text\" data-field-id=\"6\"><label class=\"wpforms-field-label\" for=\"wpforms-579-field_6\">T\u00e9l\u00e9phone <span class=\"wpforms-required-label\" aria-hidden=\"true\">*<\/span><\/label><input type=\"text\" id=\"wpforms-579-field_6\" class=\"wpforms-field-large wpforms-field-required\" name=\"wpforms[fields][6]\" aria-errormessage=\"wpforms-579-field_6-error\" required><\/div>\t\t<div id=\"wpforms-579-field_7-container\"\n\t\t\tclass=\"wpforms-field wpforms-field-text\"\n\t\t\tdata-field-type=\"text\"\n\t\t\tdata-field-id=\"7\"\n\t\t\t>\n\t\t\t<label class=\"wpforms-field-label\" for=\"wpforms-579-field_7\" >qui message la<\/label>\n\t\t\t<input type=\"text\" id=\"wpforms-579-field_7\" class=\"wpforms-field-medium\" name=\"wpforms[fields][7]\" >\n\t\t<\/div>\n\t\t<div id=\"wpforms-579-field_3-container\" class=\"wpforms-field wpforms-field-email\" data-field-id=\"3\"><label class=\"wpforms-field-label\" for=\"wpforms-579-field_3\">Mail <span class=\"wpforms-required-label\" aria-hidden=\"true\">*<\/span><\/label><input type=\"email\" id=\"wpforms-579-field_3\" class=\"wpforms-field-large wpforms-field-required\" name=\"wpforms[fields][3]\" spellcheck=\"false\" aria-errormessage=\"wpforms-579-field_3-error\" required><\/div><div id=\"wpforms-579-field_4-container\" class=\"wpforms-field wpforms-field-select wpforms-field-select-style-classic\" data-field-id=\"4\"><label class=\"wpforms-field-label\" for=\"wpforms-579-field_4\">Choisissez la situation qui vous correspond la mieux <span class=\"wpforms-required-label\" aria-hidden=\"true\">*<\/span><\/label><select id=\"wpforms-579-field_4\" class=\"wpforms-field-large wpforms-field-required\" name=\"wpforms[fields][4]\" required=\"required\"><option value=\"\" class=\"placeholder\" disabled  selected='selected'>--- S\u00e9lectionner un choix ---<\/option><option value=\"Je souhaite mettre en location mon bien\"  class=\"choice-1 depth-1\"  >Je souhaite mettre en location mon bien<\/option><option value=\"Je souhaite vendre mon bien\"  class=\"choice-2 depth-1\"  >Je souhaite vendre mon bien<\/option><option value=\"Je suis vacancier\"  class=\"choice-3 depth-1\"  >Je suis vacancier<\/option><option value=\"J&#039;ai une autre question\"  class=\"choice-4 depth-1\"  >J'ai une autre question<\/option><\/select><\/div><div id=\"wpforms-579-field_5-container\" class=\"wpforms-field wpforms-field-textarea\" data-field-id=\"5\"><label class=\"wpforms-field-label\" for=\"wpforms-579-field_5\">Votre message <span class=\"wpforms-required-label\" aria-hidden=\"true\">*<\/span><\/label><textarea id=\"wpforms-579-field_5\" class=\"wpforms-field-large wpforms-field-required\" name=\"wpforms[fields][5]\" aria-errormessage=\"wpforms-579-field_5-error\" required><\/textarea><\/div><script>\n\t\t\t\t( function() {\n\t\t\t\t\tconst style = document.createElement( 'style' );\n\t\t\t\t\tstyle.appendChild( document.createTextNode( '#wpforms-579-field_7-container { position: absolute !important; overflow: hidden !important; display: inline !important; height: 1px !important; width: 1px !important; z-index: -1000 !important; padding: 0 !important; } #wpforms-579-field_7-container input { visibility: hidden; } #wpforms-conversational-form-page #wpforms-579-field_7-container label { counter-increment: none; }' ) );\n\t\t\t\t\tdocument.head.appendChild( style );\n\t\t\t\t\tdocument.currentScript?.remove();\n\t\t\t\t} )();\n\t\t\t<\/script><\/div><!-- .wpforms-field-container --><div class=\"wpforms-submit-container\" ><input type=\"hidden\" name=\"wpforms[id]\" value=\"579\"><input type=\"hidden\" name=\"page_title\" value=\"\"><input type=\"hidden\" name=\"page_url\" value=\"https:\/\/agence3bastides.com\/en\/wp-json\/wp\/v2\/pages\/120\"><input type=\"hidden\" name=\"url_referer\" value=\"\"><button type=\"submit\" name=\"wpforms[submit]\" id=\"wpforms-submit-579\" class=\"wpforms-submit\" data-alt-text=\"Envoi...\" data-submit-text=\"Envoyer\" aria-live=\"assertive\" value=\"wpforms-submit\">Envoyer<\/button><img loading=\"lazy\" decoding=\"async\" src=\"https:\/\/agence3bastides.com\/wp-content\/plugins\/wpforms-lite\/assets\/images\/submit-spin.svg\" class=\"wpforms-submit-spinner\" style=\"display: none;\" width=\"26\" height=\"26\" alt=\"Loading\"><\/div><\/form><\/div>  <!-- .wpforms-container -->\n<\/div>\n<\/div>\n<\/div>\n<\/div>\n","protected":false},"excerpt":{"rendered":"<p>Un service sur-mesure pour une tranquillit\u00e9 absolue Nous proposons plusieurs services de gestion locative courte dur\u00e9e et de conciergerie propri\u00e9taire afin de r\u00e9pondre aux besoin de chacun. En effet, faire appel \u00e0 une conciergerie propri\u00e9taire c&rsquo;est optimiser ses revenus, sans efforts et sans frais. 4 formules de gestion selon vos besoins D\u00e9couvrez nos formules simples [&hellip;]<\/p>\n","protected":false},"author":1,"featured_media":0,"parent":0,"menu_order":0,"comment_status":"closed","ping_status":"closed","template":"page-with-title","meta":{"footnotes":""},"class_list":["post-120","page","type-page","status-publish","hentry"],"yoast_head":"<!-- This site is optimized with the Yoast SEO plugin v27.5 - https:\/\/yoast.com\/product\/yoast-seo-wordpress\/ -->\n<title>Conciergerie Propri\u00e9taire - Agence des 3 Bastides - Conciergerie Propri\u00e9taire Aveyron<\/title>\n<meta name=\"description\" content=\"Service de conciergerie propri\u00e9taire : gestion locative courte dur\u00e9e, optimisation des revenus, accueil voyageurs, m\u00e9nage et suivi transparent\" \/>\n<meta name=\"robots\" content=\"index, follow, max-snippet:-1, max-image-preview:large, max-video-preview:-1\" \/>\n<link rel=\"canonical\" href=\"https:\/\/agence3bastides.com\/en\/conciergerie-proprietaire\/\" \/>\n<meta property=\"og:locale\" content=\"en_GB\" \/>\n<meta property=\"og:type\" content=\"article\" \/>\n<meta property=\"og:title\" content=\"Conciergerie Propri\u00e9taire - Agence des 3 Bastides - Conciergerie Propri\u00e9taire Aveyron\" \/>\n<meta property=\"og:description\" content=\"Service de conciergerie propri\u00e9taire : gestion locative courte dur\u00e9e, optimisation des revenus, accueil voyageurs, m\u00e9nage et suivi transparent\" \/>\n<meta property=\"og:url\" content=\"https:\/\/agence3bastides.com\/en\/conciergerie-proprietaire\/\" \/>\n<meta property=\"og:site_name\" content=\"Agence des 3 Bastides\" \/>\n<meta property=\"article:modified_time\" content=\"2026-04-22T08:05:19+00:00\" \/>\n<meta property=\"og:image\" content=\"https:\/\/agence3bastides.com\/wp-content\/uploads\/2026\/02\/icone-all-inclusive.png\" \/>\n\t<meta property=\"og:image:width\" content=\"439\" \/>\n\t<meta property=\"og:image:height\" content=\"359\" \/>\n\t<meta property=\"og:image:type\" content=\"image\/png\" \/>\n<meta name=\"twitter:card\" content=\"summary_large_image\" \/>\n<meta name=\"twitter:label1\" content=\"Estimated reading time\" \/>\n\t<meta name=\"twitter:data1\" content=\"5 minutes\" \/>\n<script type=\"application\/ld+json\" class=\"yoast-schema-graph\">{\"@context\":\"https:\\\/\\\/schema.org\",\"@graph\":[{\"@type\":\"WebPage\",\"@id\":\"https:\\\/\\\/agence3bastides.com\\\/conciergerie-proprietaire\\\/\",\"url\":\"https:\\\/\\\/agence3bastides.com\\\/conciergerie-proprietaire\\\/\",\"name\":\"Conciergerie Propri\u00e9taire - Agence des 3 Bastides - Conciergerie Propri\u00e9taire Aveyron\",\"isPartOf\":{\"@id\":\"https:\\\/\\\/agence3bastides.com\\\/#website\"},\"primaryImageOfPage\":{\"@id\":\"https:\\\/\\\/agence3bastides.com\\\/conciergerie-proprietaire\\\/#primaryimage\"},\"image\":{\"@id\":\"https:\\\/\\\/agence3bastides.com\\\/conciergerie-proprietaire\\\/#primaryimage\"},\"thumbnailUrl\":\"https:\\\/\\\/agence3bastides.com\\\/wp-content\\\/uploads\\\/2026\\\/02\\\/icone-all-inclusive.png\",\"datePublished\":\"2026-02-02T11:54:37+00:00\",\"dateModified\":\"2026-04-22T08:05:19+00:00\",\"description\":\"Service de conciergerie propri\u00e9taire : gestion locative courte dur\u00e9e, optimisation des revenus, accueil voyageurs, m\u00e9nage et suivi transparent\",\"breadcrumb\":{\"@id\":\"https:\\\/\\\/agence3bastides.com\\\/conciergerie-proprietaire\\\/#breadcrumb\"},\"inLanguage\":\"en-GB\",\"potentialAction\":[{\"@type\":\"ReadAction\",\"target\":[\"https:\\\/\\\/agence3bastides.com\\\/conciergerie-proprietaire\\\/\"]}]},{\"@type\":\"ImageObject\",\"inLanguage\":\"en-GB\",\"@id\":\"https:\\\/\\\/agence3bastides.com\\\/conciergerie-proprietaire\\\/#primaryimage\",\"url\":\"https:\\\/\\\/agence3bastides.com\\\/wp-content\\\/uploads\\\/2026\\\/02\\\/icone-all-inclusive.png\",\"contentUrl\":\"https:\\\/\\\/agence3bastides.com\\\/wp-content\\\/uploads\\\/2026\\\/02\\\/icone-all-inclusive.png\"},{\"@type\":\"BreadcrumbList\",\"@id\":\"https:\\\/\\\/agence3bastides.com\\\/conciergerie-proprietaire\\\/#breadcrumb\",\"itemListElement\":[{\"@type\":\"ListItem\",\"position\":1,\"name\":\"Accueil\",\"item\":\"https:\\\/\\\/agence3bastides.com\\\/\"},{\"@type\":\"ListItem\",\"position\":2,\"name\":\"Conciergerie Propri\u00e9taire\"}]},{\"@type\":\"WebSite\",\"@id\":\"https:\\\/\\\/agence3bastides.com\\\/#website\",\"url\":\"https:\\\/\\\/agence3bastides.com\\\/\",\"name\":\"Agence des 3 Bastides\",\"description\":\"Agence des 3 Badtides\",\"publisher\":{\"@id\":\"https:\\\/\\\/agence3bastides.com\\\/#organization\"},\"potentialAction\":[{\"@type\":\"SearchAction\",\"target\":{\"@type\":\"EntryPoint\",\"urlTemplate\":\"https:\\\/\\\/agence3bastides.com\\\/?s={search_term_string}\"},\"query-input\":{\"@type\":\"PropertyValueSpecification\",\"valueRequired\":true,\"valueName\":\"search_term_string\"}}],\"inLanguage\":\"en-GB\"},{\"@type\":\"Organization\",\"@id\":\"https:\\\/\\\/agence3bastides.com\\\/#organization\",\"name\":\"Agence des 3 Bastides\",\"url\":\"https:\\\/\\\/agence3bastides.com\\\/\",\"logo\":{\"@type\":\"ImageObject\",\"inLanguage\":\"en-GB\",\"@id\":\"https:\\\/\\\/agence3bastides.com\\\/#\\\/schema\\\/logo\\\/image\\\/\",\"url\":\"https:\\\/\\\/agence3bastides.com\\\/wp-content\\\/uploads\\\/2026\\\/02\\\/logo-transparent.png\",\"contentUrl\":\"https:\\\/\\\/agence3bastides.com\\\/wp-content\\\/uploads\\\/2026\\\/02\\\/logo-transparent.png\",\"width\":1500,\"height\":1000,\"caption\":\"Agence des 3 Bastides\"},\"image\":{\"@id\":\"https:\\\/\\\/agence3bastides.com\\\/#\\\/schema\\\/logo\\\/image\\\/\"}}]}<\/script>\n<!-- \/ Yoast SEO plugin. -->","yoast_head_json":{"title":"Conciergerie Propri\u00e9taire - Agence des 3 Bastides - Conciergerie Propri\u00e9taire Aveyron","description":"Service de conciergerie propri\u00e9taire : gestion locative courte dur\u00e9e, optimisation des revenus, accueil voyageurs, m\u00e9nage et suivi transparent","robots":{"index":"index","follow":"follow","max-snippet":"max-snippet:-1","max-image-preview":"max-image-preview:large","max-video-preview":"max-video-preview:-1"},"canonical":"https:\/\/agence3bastides.com\/en\/conciergerie-proprietaire\/","og_locale":"en_GB","og_type":"article","og_title":"Conciergerie Propri\u00e9taire - Agence des 3 Bastides - Conciergerie Propri\u00e9taire Aveyron","og_description":"Service de conciergerie propri\u00e9taire : gestion locative courte dur\u00e9e, optimisation des revenus, accueil voyageurs, m\u00e9nage et suivi transparent","og_url":"https:\/\/agence3bastides.com\/en\/conciergerie-proprietaire\/","og_site_name":"Agence des 3 Bastides","article_modified_time":"2026-04-22T08:05:19+00:00","og_image":[{"width":439,"height":359,"url":"https:\/\/agence3bastides.com\/wp-content\/uploads\/2026\/02\/icone-all-inclusive.png","type":"image\/png"}],"twitter_card":"summary_large_image","twitter_misc":{"Estimated reading time":"5 minutes"},"schema":{"@context":"https:\/\/schema.org","@graph":[{"@type":"WebPage","@id":"https:\/\/agence3bastides.com\/conciergerie-proprietaire\/","url":"https:\/\/agence3bastides.com\/conciergerie-proprietaire\/","name":"Conciergerie Propri\u00e9taire - Agence des 3 Bastides - Conciergerie Propri\u00e9taire Aveyron","isPartOf":{"@id":"https:\/\/agence3bastides.com\/#website"},"primaryImageOfPage":{"@id":"https:\/\/agence3bastides.com\/conciergerie-proprietaire\/#primaryimage"},"image":{"@id":"https:\/\/agence3bastides.com\/conciergerie-proprietaire\/#primaryimage"},"thumbnailUrl":"https:\/\/agence3bastides.com\/wp-content\/uploads\/2026\/02\/icone-all-inclusive.png","datePublished":"2026-02-02T11:54:37+00:00","dateModified":"2026-04-22T08:05:19+00:00","description":"Service de conciergerie propri\u00e9taire : gestion locative courte dur\u00e9e, optimisation des revenus, accueil voyageurs, m\u00e9nage et suivi transparent","breadcrumb":{"@id":"https:\/\/agence3bastides.com\/conciergerie-proprietaire\/#breadcrumb"},"inLanguage":"en-GB","potentialAction":[{"@type":"ReadAction","target":["https:\/\/agence3bastides.com\/conciergerie-proprietaire\/"]}]},{"@type":"ImageObject","inLanguage":"en-GB","@id":"https:\/\/agence3bastides.com\/conciergerie-proprietaire\/#primaryimage","url":"https:\/\/agence3bastides.com\/wp-content\/uploads\/2026\/02\/icone-all-inclusive.png","contentUrl":"https:\/\/agence3bastides.com\/wp-content\/uploads\/2026\/02\/icone-all-inclusive.png"},{"@type":"BreadcrumbList","@id":"https:\/\/agence3bastides.com\/conciergerie-proprietaire\/#breadcrumb","itemListElement":[{"@type":"ListItem","position":1,"name":"Accueil","item":"https:\/\/agence3bastides.com\/"},{"@type":"ListItem","position":2,"name":"Conciergerie Propri\u00e9taire"}]},{"@type":"WebSite","@id":"https:\/\/agence3bastides.com\/#website","url":"https:\/\/agence3bastides.com\/","name":"Agence des 3 Bastides","description":"Agence des 3 Badtides","publisher":{"@id":"https:\/\/agence3bastides.com\/#organization"},"potentialAction":[{"@type":"SearchAction","target":{"@type":"EntryPoint","urlTemplate":"https:\/\/agence3bastides.com\/?s={search_term_string}"},"query-input":{"@type":"PropertyValueSpecification","valueRequired":true,"valueName":"search_term_string"}}],"inLanguage":"en-GB"},{"@type":"Organization","@id":"https:\/\/agence3bastides.com\/#organization","name":"Agence des 3 Bastides","url":"https:\/\/agence3bastides.com\/","logo":{"@type":"ImageObject","inLanguage":"en-GB","@id":"https:\/\/agence3bastides.com\/#\/schema\/logo\/image\/","url":"https:\/\/agence3bastides.com\/wp-content\/uploads\/2026\/02\/logo-transparent.png","contentUrl":"https:\/\/agence3bastides.com\/wp-content\/uploads\/2026\/02\/logo-transparent.png","width":1500,"height":1000,"caption":"Agence des 3 Bastides"},"image":{"@id":"https:\/\/agence3bastides.com\/#\/schema\/logo\/image\/"}}]}},"jetpack_sharing_enabled":true,"_links":{"self":[{"href":"https:\/\/agence3bastides.com\/en\/wp-json\/wp\/v2\/pages\/120","targetHints":{"allow":["GET"]}}],"collection":[{"href":"https:\/\/agence3bastides.com\/en\/wp-json\/wp\/v2\/pages"}],"about":[{"href":"https:\/\/agence3bastides.com\/en\/wp-json\/wp\/v2\/types\/page"}],"author":[{"embeddable":true,"href":"https:\/\/agence3bastides.com\/en\/wp-json\/wp\/v2\/users\/1"}],"replies":[{"embeddable":true,"href":"https:\/\/agence3bastides.com\/en\/wp-json\/wp\/v2\/comments?post=120"}],"version-history":[{"count":211,"href":"https:\/\/agence3bastides.com\/en\/wp-json\/wp\/v2\/pages\/120\/revisions"}],"predecessor-version":[{"id":1544,"href":"https:\/\/agence3bastides.com\/en\/wp-json\/wp\/v2\/pages\/120\/revisions\/1544"}],"wp:attachment":[{"href":"https:\/\/agence3bastides.com\/en\/wp-json\/wp\/v2\/media?parent=120"}],"curies":[{"name":"wp","href":"https:\/\/api.w.org\/{rel}","templated":true}]}}